{"id":8129,"date":"2018-09-01T14:36:45","date_gmt":"2018-09-01T14:36:45","guid":{"rendered":"https:\/\/www.freealp.com\/archives\/portfolio\/corso-via-ferrata"},"modified":"2023-03-05T14:36:06","modified_gmt":"2023-03-05T13:36:06","slug":"klettersteige-kurs","status":"publish","type":"portfolio","link":"https:\/\/www.freealp.com\/de\/portfolio\/klettersteige-kurs\/","title":{"rendered":"Klettersteige Kurs"},"content":{"rendered":"<div id=\"pl-8129\"  class=\"panel-layout\" ><div id=\"pg-8129-0\"  class=\"panel-grid panel-no-style\" ><div id=\"pgc-8129-0-0\"  class=\"panel-grid-cell\" ><div id=\"panel-8129-0-0-0\" class=\"so-panel widget widget_sow-editor panel-first-child panel-last-child\" data-index=\"0\" ><div\n\t\t\t\n\t\t\tclass=\"so-widget-sow-editor so-widget-sow-editor-base\"\n\t\t\t\n\t\t>\n<div class=\"siteorigin-widget-tinymce textwidget\">\n\t<p><strong>KLETTERSTEIGE KURS<\/strong><\/p>\n<p>Von Fr\u00fchling bis Herbst organisieren wir einen Kurs, um die Techniken f\u00fcr den sicheren Umgang mit ausger\u00fcsteten und festen Routen zu erlernen.<br \/>\nDie Kurse werden an drei Ausfahrten auf den spektakul\u00e4rsten Klettersteigen im Etsch- und Sarcatal ausgebaut.<br \/>\nW\u00e4hrend der Tage werden verschiedene Themen behandelt, von der Weiterentwicklung \u00fcber die Verwendung von Materialien bis hin zu Man\u00f6vern f\u00fcr den sicheren Ablauf von Exkursionen.<\/p>\n<p>Ideal f\u00fcr diejenigen, die bereits Erfahrungen gesammelt haben oder sich in dieser vertikalen Disziplin versuchen m\u00f6chten.<\/p>\n<p>Wir bewegen uns in kleinen Gruppen, um Ihnen die h\u00f6chste Qualit\u00e4t und den besten Service zu bieten.<\/p>\n<p><strong>Unsere Bergf\u00fchrer sind alle UIAGM-zertifiziert.<\/strong><\/p>\n<\/div>\n<\/div><\/div><\/div><div id=\"pgc-8129-0-1\"  class=\"panel-grid-cell\" ><div id=\"panel-8129-0-1-0\" class=\"so-panel widget widget_sow-editor panel-first-child panel-last-child\" data-index=\"1\" ><div\n\t\t\t\n\t\t\tclass=\"so-widget-sow-editor so-widget-sow-editor-base\"\n\t\t\t\n\t\t>\n<div class=\"siteorigin-widget-tinymce textwidget\">\n\t<p>\t<img loading=\"lazy\" decoding=\"async\" class=\"alignnone size-large wp-image-4660\" src=\"https:\/\/www.freealp.com\/wp-content\/uploads\/2018\/04\/albano5-e1554969172807-1024x973.jpg\" alt=\"\" width=\"1024\" height=\"973\" srcset=\"https:\/\/www.freealp.com\/wp-content\/uploads\/2018\/04\/albano5-e1554969172807-1024x973.jpg 1024w, https:\/\/www.freealp.com\/wp-content\/uploads\/2018\/04\/albano5-e1554969172807-300x285.jpg 300w, https:\/\/www.freealp.com\/wp-content\/uploads\/2018\/04\/albano5-e1554969172807-768x729.jpg 768w, https:\/\/www.freealp.com\/wp-content\/uploads\/2018\/04\/albano5-e1554969172807-600x570.jpg 600w\" sizes=\"auto, (max-width: 1024px) 100vw, 1024px\" \/><\/p>\n<\/div>\n<\/div><\/div><\/div><\/div><div id=\"pg-8129-1\"  class=\"panel-grid panel-no-style\" ><div id=\"pgc-8129-1-0\"  class=\"panel-grid-cell\" ><div id=\"panel-8129-1-0-0\" class=\"so-panel widget widget_sow-editor panel-first-child panel-last-child\" data-index=\"2\" ><div\n\t\t\t\n\t\t\tclass=\"so-widget-sow-editor so-widget-sow-editor-base\"\n\t\t\t\n\t\t>\n<div class=\"siteorigin-widget-tinymce textwidget\">\n\t<p><img loading=\"lazy\" decoding=\"async\" class=\"alignnone size-large wp-image-4673\" src=\"https:\/\/www.freealp.com\/wp-content\/uploads\/2018\/02\/colodri4-768x1024.jpg\" alt=\"\" width=\"768\" height=\"1024\" srcset=\"https:\/\/www.freealp.com\/wp-content\/uploads\/2018\/02\/colodri4-768x1024.jpg 768w, https:\/\/www.freealp.com\/wp-content\/uploads\/2018\/02\/colodri4-225x300.jpg 225w, https:\/\/www.freealp.com\/wp-content\/uploads\/2018\/02\/colodri4-600x800.jpg 600w\" sizes=\"auto, (max-width: 768px) 100vw, 768px\" \/><\/p>\n<\/div>\n<\/div><\/div><\/div><div id=\"pgc-8129-1-1\"  class=\"panel-grid-cell\" ><div id=\"panel-8129-1-1-0\" class=\"so-panel widget widget_sow-editor panel-first-child panel-last-child\" data-index=\"3\" ><div\n\t\t\t\n\t\t\tclass=\"so-widget-sow-editor so-widget-sow-editor-base\"\n\t\t\t\n\t\t>\n<div class=\"siteorigin-widget-tinymce textwidget\">\n\t<div class=\"su-accordion su-u-trim\"><div class=\"su-spoiler su-spoiler-style-default su-spoiler-icon-plus\" data-scroll-offset=\"0\" data-anchor-in-url=\"no\"><div class=\"su-spoiler-title\" tabindex=\"0\" role=\"button\"><span class=\"su-spoiler-icon\"><\/span>INFO<\/div><div class=\"su-spoiler-content su-u-clearfix su-u-trim\"><\/p>\n<p style=\"font-size: 16px;\"><span class=\"icon-container\"><span class=\"fa fa-long-arrow-right\" style=\"color:#ff7240;\"><\/span><\/span> <span style=\"color: #2e3b4e;\"><strong>Ort<\/strong><br \/>\nArco &#8211; Valle del Sarca<br \/>\n<\/span><\/p>\n<hr class=\"hr--dashed\" \/>\n<p style=\"font-size: 16px;\"><span class=\"icon-container\"><span class=\"fa fa-long-arrow-right\" style=\"color:#ff7240;\"><\/span><\/span> <strong>Voraussetzungen<\/strong><span style=\"color: #2e3b4e;\"><br \/>\nGute k\u00f6rperliche Verfassung Erfahrung im Klettersteig<br \/>\n<\/span><\/p>\n<hr class=\"hr--dashed\" \/>\n<p style=\"font-size: 16px;\"><span style=\"color: #2e3b4e;\"><span class=\"icon-container\"><span class=\"fa fa-long-arrow-right\" style=\"color:#ff7240;\"><\/span><\/span> <strong>Ausr\u00fcstung<\/strong><strong>\u00a0<\/strong><br \/>\nTrekkingschuhe | Bequeme Kleidung | Rucksack mit Wasser und Snacks<br \/>\n<\/span><\/p>\n<hr class=\"hr--dashed\" \/>\n<p style=\"font-size: 16px;\"><span class=\"icon-container\"><span class=\"fa fa-long-arrow-right\" style=\"color:#ff7240;\"><\/span><\/span> <strong>Leistungen<\/strong><span style=\"color: #2e3b4e;\"><br \/>\nBergf\u00fchrer | Helm | Gurt | Klettersteigset | RC Versicherung | Kostenloser Bustransfer<br \/>\n<\/span><\/p>\n<p><\/div><\/div><\/p>\n<hr class=\"hr--dashed\" \/>\n<p><div class=\"su-spoiler su-spoiler-style-default su-spoiler-icon-plus su-spoiler-closed\" data-scroll-offset=\"0\" data-anchor-in-url=\"no\"><div class=\"su-spoiler-title\" tabindex=\"0\" role=\"button\"><span class=\"su-spoiler-icon\"><\/span>DETAILS<\/div><div class=\"su-spoiler-content su-u-clearfix su-u-trim\"><\/p>\n<p style=\"font-size: 16px;\"><span style=\"color: #2e3b4e;\"><br \/>\n<span class=\"icon-container\"><span class=\"fa fa-long-arrow-right\" style=\"color:#ff7240;\"><\/span><\/span> Max 4 Teilnehmer<br \/>\n<span class=\"icon-container\"><span class=\"fa fa-long-arrow-right\" style=\"color:#ff7240;\"><\/span><\/span> Knoten<br \/>\n<span class=\"icon-container\"><span class=\"fa fa-long-arrow-right\" style=\"color:#ff7240;\"><\/span><\/span> Materialien<br \/>\n<span class=\"icon-container\"><span class=\"fa fa-long-arrow-right\" style=\"color:#ff7240;\"><\/span><\/span> Progression<br \/>\n<\/span><\/p>\n<p><\/div><\/div><\/p>\n<hr class=\"hr--dashed\" \/>\n<p><div class=\"su-spoiler su-spoiler-style-default su-spoiler-icon-plus su-spoiler-closed\" data-scroll-offset=\"0\" data-anchor-in-url=\"no\"><div class=\"su-spoiler-title\" tabindex=\"0\" role=\"button\"><span class=\"su-spoiler-icon\"><\/span>PROGRAMM<\/div><div class=\"su-spoiler-content su-u-clearfix su-u-trim\"><\/p>\n<p style=\"font-size: 16px;\"><span style=\"color: #2e3b4e;\"><br \/>\n<span class=\"icon-container\"><span class=\"fa fa-long-arrow-right\" style=\"color:#ff7240;\"><\/span><\/span> Klettersteig Monte Colodri &#8211; Pr\u00e4sentation und allgemeine Verwendung von Materialien.<br \/>\n<span class=\"icon-container\"><span class=\"fa fa-long-arrow-right\" style=\"color:#ff7240;\"><\/span><\/span> Klettersteig Rio Salagoni &#8211; Via Ferrata-Fortbewegungstechniken.<br \/>\n<span class=\"icon-container\"><span class=\"fa fa-long-arrow-right\" style=\"color:#ff7240;\"><\/span><\/span> Klettersteig Monte Albano &#8211; weitere Untersuchung der Via Ferrata-Progressionstechniken.<br \/>\n<\/span><\/p>\n<p><\/div><\/div><\/p>\n<hr class=\"hr--dashed\" \/>\n<p><div class=\"su-spoiler su-spoiler-style-default su-spoiler-icon-plus su-spoiler-closed\" data-scroll-offset=\"0\" data-anchor-in-url=\"no\"><div class=\"su-spoiler-title\" tabindex=\"0\" role=\"button\"><span class=\"su-spoiler-icon\"><\/span>ZIELE <\/div><div class=\"su-spoiler-content su-u-clearfix su-u-trim\"><\/p>\n<p style=\"font-size: 16px;\"><span style=\"color: #2e3b4e;\"><br \/>\n<span class=\"icon-container\"><span class=\"fa fa-long-arrow-right\" style=\"color:#ff7240;\"><\/span><\/span> Autonomie in Ferrata<br \/>\n<span class=\"icon-container\"><span class=\"fa fa-long-arrow-right\" style=\"color:#ff7240;\"><\/span><\/span> Materialkenntnisse und Verwendung<br \/>\n<span class=\"icon-container\"><span class=\"fa fa-long-arrow-right\" style=\"color:#ff7240;\"><\/span><\/span> Saitenman\u00f6ver<br \/>\n<span class=\"icon-container\"><span class=\"fa fa-long-arrow-right\" style=\"color:#ff7240;\"><\/span><\/span> Seilprogression<br \/>\n<span class=\"icon-container\"><span class=\"fa fa-long-arrow-right\" style=\"color:#ff7240;\"><\/span><\/span> Rettung<br \/>\n<\/span><\/p>\n<p><\/div><\/div><\/p>\n<hr class=\"hr--dashed\" \/>\n<p><\/div>\n<\/div>\n<\/div><\/div><\/div><\/div><div id=\"pg-8129-2\"  class=\"panel-grid panel-no-style\" ><div id=\"pgc-8129-2-0\"  class=\"panel-grid-cell\" ><div id=\"panel-8129-2-0-0\" class=\"so-panel widget widget_pw_special_title widget-special-title panel-first-child panel-last-child\" data-index=\"4\" >\t\t\t<h2 class=\"special-title\">\n\t\t\t\tAltri Tour\t\t\t<\/h2>\n\t\t<\/div><\/div><\/div><div id=\"pg-8129-3\"  class=\"panel-grid panel-has-style\" ><div class=\"siteorigin-panels-stretch panel-row-style panel-row-style-for-8129-3\" data-stretch-type=\"full-stretched\" ><div id=\"pgc-8129-3-0\"  class=\"panel-grid-cell\" ><div id=\"panel-8129-3-0-0\" class=\"so-panel widget widget_pw_portfolio_grid widget-portfolio-grid panel-first-child panel-last-child\" data-index=\"5\" >\t\t\t\t\t<div class=\"portfolio-grid  portfolio-grid--slider\" data-type=\"slider\" data-inarow=\"6\">\n\t\t\t\t\t\t\t\t\t\t<nav class=\"portfolio-grid__header\">\n\t\t\t\t\t<a href=\"#\" class=\"portfolio-grid__mobile-filter  js-filter  btn  btn-primary  btn-sm  hidden-lg-up\">\n\t\t\t\t\t\t<span class=\"fa  fa-filter\"><\/span> &nbsp;\n\t\t\t\t\t\tFILTER\t\t\t\t\t<\/a>\n\n\t\t\t\t\t\n\t\t\t\t\t<ul class=\"portfolio-grid__nav  js-wpg-nav-holder\">\n\t\t\t\t\t\t\t\t\t\t\t\t\t\t\t\t\t\t\t<li class=\"portfolio-grid__nav-item\">\n\t\t\t\t\t\t\t\t<a onclick=\"setTimeout(aggiungi_box,1000)\" href=\"#widget-3-0-0-via-ferrata\" data-category=\"via-ferrata-de\" class=\"portfolio-grid__nav-link  js-wpg-nav\">Via Ferrata<\/a>\n\t\t\t\t\t\t\t<\/li>\n\t\t\t\t\t\t\t\t\t\t\t<\/ul>\n\n\t\t\t\t\t\t\t\t\t\t\t<div class=\"portfolio-grid__arrows\">\n\t\t\t\t\t\t\t<a class=\"portfolio-grid__arrow  portfolio-grid__arrow--left\" href=\"#portfolio-grid-widget-3-0-0\" role=\"button\" data-slide=\"prev\">\n\t\t\t\t\t\t\t\t<span class=\"fa fa-long-arrow-left\" aria-hidden=\"true\"><\/span>\n\t\t\t\t\t\t\t\t<span class=\"sr-only\">Vorher<\/span>\n\t\t\t\t\t\t\t<\/a><a class=\"portfolio-grid__arrow  portfolio-grid__arrow--right\" href=\"#portfolio-grid-widget-3-0-0\" role=\"button\" data-slide=\"next\">\n\t\t\t\t\t\t\t\t<span class=\"fa fa-long-arrow-right\" aria-hidden=\"true\"><\/span>\n\t\t\t\t\t\t\t\t<span class=\"sr-only\">Weiter<\/span>\n\t\t\t\t\t\t\t<\/a>\n\t\t\t\t\t\t<\/div>\n\t\t\t\t\t\t\t\t\t<\/nav>\n\t\t\t\t\t\t\t\t\t<div id=\"portfolio-grid-widget-3-0-0\" class=\"carousel  slide\" data-ride=\"carousel\" data-interval=\"false\">\n\t\t\t\t\t\t\t<div class=\"carousel-inner  js-wpg-items\" role=\"listbox\">\n\t\t\t\t\t\t\t\t<div class=\"carousel-item  active\">\n\t\t\t\t\t\t\t\t\t<div class=\"row\" 222>\n\t\t\t\t\t\t\t\t\t\t\t\t\t<div class=\"col-xs-12  col-sm-6  col-md-6  col-lg-2  js-wpg-item\" data-categories=\"via-ferrata-de\" aaa>\n\t\t\t\t<div class=\"portfolio-grid__item\">\n\t\t\t\t\t\t\t\t\t\t\t<a class=\"portfolio-grid__image  js-wpg-card\" href=\"https:\/\/www.freealp.com\/de\/portfolio\/klettersteig-monte-colodri\/\">\n\t\t\t\t\t\t\t<img loading=\"lazy\" decoding=\"async\" width=\"428\" height=\"242\" src=\"https:\/\/www.freealp.com\/wp-content\/uploads\/2018\/02\/colodri6-428x242.jpg\" class=\"card-img-top  portfolio-grid__card-img wp-post-image\" alt=\"\" \/>\t\t\t\t\t\t\t\t\t\t\t\t\t\t\t<div class=\"portfolio-grid__specification\">\n\t\t\t\t\t\t\t\t\t<i class=\"fa fa-map-marker\" aria-hidden=\"true\"><\/i> ARCO\t\t\t\t\t\t\t\t<\/div>\n\t\t\t\t\t\t\t\t\t\t\t\t\t<\/a>\n\t\t\t\t\t\t\t\t\t\t<div class=\"portfolio-grid__content\">\n\t\t\t\t\t\t<a class=\"h4  portfolio-grid__item-title\" href=\"https:\/\/www.freealp.com\/de\/portfolio\/klettersteig-monte-colodri\/\">Klettersteig Monte Colodri<\/a>\n\t\t\t\t\t\t\t\t\t\t\t\t\t<p class=\"portfolio-grid__price\">\u20ac70<\/p>\n\t\t\t\t\t\t\t\t\t\t\t\t\t\t\t\t\t\t\t\t\t\t\t\t\t\t\t\t\t\t\t\t\t\t\t\t\t\t\t\t\t\t\t<div class=\"portfolio-grid__label\" style=\"background-color:limegreen;\">\n\t\t\t\t\t\t\t\t\t\t<!--easy+halber Tag-->\n\t\t\t\t\t\t\t\t\t\teasy\t\t\t\t\t\t\t\t\t<\/div>\n\t\t\t\t\t\t\t\t\t\t\t\t\t\t\t\t\t\t\t\t\t\t\t\t\t<div class=\"portfolio-grid__label\" style=\"background-color:#0093c9;\">\n\t\t\t\t\t\t\t\t\t\t<!--easy+halber Tag-->\n\t\t\t\t\t\t\t\t\t\thalber Tag\t\t\t\t\t\t\t\t\t<\/div>\n\t\t\t\t\t\t\t\t\t\t\t\t\t\t\t\t\t\t\t<\/div>\n\t\t\t\t<\/div>\n\t\t\t<\/div>\n\t\t\t\t\t\t<div class=\"col-xs-12  col-sm-6  col-md-6  col-lg-2  js-wpg-item\" data-categories=\"via-ferrata-de\" aaa>\n\t\t\t\t<div class=\"portfolio-grid__item\">\n\t\t\t\t\t\t\t\t\t\t\t<a class=\"portfolio-grid__image  js-wpg-card\" href=\"https:\/\/www.freealp.com\/de\/portfolio\/klettersteig-rio-sallagoni\/\">\n\t\t\t\t\t\t\t<img loading=\"lazy\" decoding=\"async\" width=\"428\" height=\"242\" src=\"https:\/\/www.freealp.com\/wp-content\/uploads\/2018\/01\/Top-Verrate-Intro-428x242.jpg\" class=\"card-img-top  portfolio-grid__card-img wp-post-image\" alt=\"\" \/>\t\t\t\t\t\t\t\t\t\t\t\t\t\t\t<div class=\"portfolio-grid__specification\">\n\t\t\t\t\t\t\t\t\t<i class=\"fa fa-map-marker\" aria-hidden=\"true\"><\/i> Drena\t\t\t\t\t\t\t\t<\/div>\n\t\t\t\t\t\t\t\t\t\t\t\t\t<\/a>\n\t\t\t\t\t\t\t\t\t\t<div class=\"portfolio-grid__content\">\n\t\t\t\t\t\t<a class=\"h4  portfolio-grid__item-title\" href=\"https:\/\/www.freealp.com\/de\/portfolio\/klettersteig-rio-sallagoni\/\">Klettersteig Rio Sallagoni<\/a>\n\t\t\t\t\t\t\t\t\t\t\t\t\t<p class=\"portfolio-grid__price\">\u20ac70<\/p>\n\t\t\t\t\t\t\t\t\t\t\t\t\t\t\t\t\t\t\t\t\t\t\t\t\t\t\t\t\t\t\t\t\t\t\t\t\t\t\t\t\t\t\t<div class=\"portfolio-grid__label\">\n\t\t\t\t\t\t\t\t\t\t<!--easy\/medium+halber tag-->\n\t\t\t\t\t\t\t\t\t\teasy\/medium\t\t\t\t\t\t\t\t\t<\/div>\n\t\t\t\t\t\t\t\t\t\t\t\t\t\t\t\t\t\t\t\t\t\t\t\t<div class=\"portfolio-grid__label\" style=\"background-color:#0093c9;\">\n\t\t\t\t\t\t\t\t\t\t<!--easy\/medium+halber tag-->\n\t\t\t\t\t\t\t\t\t\thalber tag\t\t\t\t\t\t\t\t\t<\/div>\n\t\t\t\t\t\t\t\t\t\t\t\t\t\t\t\t\t\t\t<\/div>\n\t\t\t\t<\/div>\n\t\t\t<\/div>\n\t\t\t\t\t\t<div class=\"col-xs-12  col-sm-6  col-md-6  col-lg-2  js-wpg-item\" data-categories=\"via-ferrata-de\" aaa>\n\t\t\t\t<div class=\"portfolio-grid__item\">\n\t\t\t\t\t\t\t\t\t\t\t<a class=\"portfolio-grid__image  js-wpg-card\" href=\"https:\/\/www.freealp.com\/de\/portfolio\/klettersteig-cima-capi\/\">\n\t\t\t\t\t\t\t<img loading=\"lazy\" decoding=\"async\" width=\"428\" height=\"242\" src=\"https:\/\/www.freealp.com\/wp-content\/uploads\/2018\/03\/IMG_2215-428x242.jpg\" class=\"card-img-top  portfolio-grid__card-img wp-post-image\" alt=\"\" \/>\t\t\t\t\t\t\t\t\t\t\t\t\t\t\t<div class=\"portfolio-grid__specification\">\n\t\t\t\t\t\t\t\t\t<i class=\"fa fa-map-marker\" aria-hidden=\"true\"><\/i> Riva Del Garda\t\t\t\t\t\t\t\t<\/div>\n\t\t\t\t\t\t\t\t\t\t\t\t\t<\/a>\n\t\t\t\t\t\t\t\t\t\t<div class=\"portfolio-grid__content\">\n\t\t\t\t\t\t<a class=\"h4  portfolio-grid__item-title\" href=\"https:\/\/www.freealp.com\/de\/portfolio\/klettersteig-cima-capi\/\">Klettersteig Cima Capi<\/a>\n\t\t\t\t\t\t\t\t\t\t\t\t\t<p class=\"portfolio-grid__price\">\u20ac90<\/p>\n\t\t\t\t\t\t\t\t\t\t\t\t\t\t\t\t\t\t\t\t\t\t\t\t\t\t\t\t\t\t\t\t\t\t\t\t\t\t\t\t\t\t\t<div class=\"portfolio-grid__label\" style=\"background-color:#ffbb00;\">\n\t\t\t\t\t\t\t\t\t\t<!--medium+ ganzer Tag-->\n\t\t\t\t\t\t\t\t\t\tmedium\t\t\t\t\t\t\t\t\t<\/div>\n\t\t\t\t\t\t\t\t\t\t\t\t\t\t\t\t\t\t\t\t\t\t\t\t\t<div class=\"portfolio-grid__label\" style=\"background-color:#383abc;\">\n\t\t\t\t\t\t\t\t\t\t<!--medium+ ganzer Tag-->\n\t\t\t\t\t\t\t\t\t\t ganzer Tag\t\t\t\t\t\t\t\t\t<\/div>\n\t\t\t\t\t\t\t\t\t\t\t\t\t\t\t\t\t\t\t<\/div>\n\t\t\t\t<\/div>\n\t\t\t<\/div>\n\t\t\t\t\t\t<div class=\"col-xs-12  col-sm-6  col-md-6  col-lg-2  js-wpg-item\" data-categories=\"via-ferrata-de\" aaa>\n\t\t\t\t<div class=\"portfolio-grid__item\">\n\t\t\t\t\t\t\t\t\t\t\t<a class=\"portfolio-grid__image  js-wpg-card\" href=\"https:\/\/www.freealp.com\/de\/portfolio\/klettersteig-monte-albano\/\">\n\t\t\t\t\t\t\t<img loading=\"lazy\" decoding=\"async\" width=\"428\" height=\"242\" src=\"https:\/\/www.freealp.com\/wp-content\/uploads\/2018\/04\/albano-4-428x242.jpg\" class=\"card-img-top  portfolio-grid__card-img wp-post-image\" alt=\"\" \/>\t\t\t\t\t\t\t\t\t\t\t\t\t\t\t<div class=\"portfolio-grid__specification\">\n\t\t\t\t\t\t\t\t\t<i class=\"fa fa-map-marker\" aria-hidden=\"true\"><\/i> MORI\t\t\t\t\t\t\t\t<\/div>\n\t\t\t\t\t\t\t\t\t\t\t\t\t<\/a>\n\t\t\t\t\t\t\t\t\t\t<div class=\"portfolio-grid__content\">\n\t\t\t\t\t\t<a class=\"h4  portfolio-grid__item-title\" href=\"https:\/\/www.freealp.com\/de\/portfolio\/klettersteig-monte-albano\/\">Klettersteig Monte Albano<\/a>\n\t\t\t\t\t\t\t\t\t\t\t\t\t<p class=\"portfolio-grid__price\">\u20ac90<\/p>\n\t\t\t\t\t\t\t\t\t\t\t\t\t\t\t\t\t\t\t\t\t\t\t\t\t\t\t\t\t\t\t\t\t\t\t\t\t\t\t\t\t\t\t<div class=\"portfolio-grid__label\" style=\"background-color:#ffbb00;\">\n\t\t\t\t\t\t\t\t\t\t<!--medium+halber tag-->\n\t\t\t\t\t\t\t\t\t\tmedium\t\t\t\t\t\t\t\t\t<\/div>\n\t\t\t\t\t\t\t\t\t\t\t\t\t\t\t\t\t\t\t\t\t\t\t\t\t<div class=\"portfolio-grid__label\" style=\"background-color:#0093c9;\">\n\t\t\t\t\t\t\t\t\t\t<!--medium+halber tag-->\n\t\t\t\t\t\t\t\t\t\thalber tag\t\t\t\t\t\t\t\t\t<\/div>\n\t\t\t\t\t\t\t\t\t\t\t\t\t\t\t\t\t\t\t<\/div>\n\t\t\t\t<\/div>\n\t\t\t<\/div>\n\t\t\t\t\t\t<div class=\"col-xs-12  col-sm-6  col-md-6  col-lg-2  js-wpg-item\" data-categories=\"via-ferrata-de\" aaa>\n\t\t\t\t<div class=\"portfolio-grid__item\">\n\t\t\t\t\t\t\t\t\t\t\t<a class=\"portfolio-grid__image  js-wpg-card\" href=\"https:\/\/www.freealp.com\/de\/portfolio\/rio-ruzza\/\">\n\t\t\t\t\t\t\t<img loading=\"lazy\" decoding=\"async\" width=\"428\" height=\"242\" src=\"https:\/\/www.freealp.com\/wp-content\/uploads\/2018\/05\/IMG_2434-428x242.jpg\" class=\"card-img-top  portfolio-grid__card-img wp-post-image\" alt=\"\" \/>\t\t\t\t\t\t\t\t\t\t\t\t\t\t\t<div class=\"portfolio-grid__specification\">\n\t\t\t\t\t\t\t\t\t<i class=\"fa \" aria-hidden=\"true\"><\/i> Ballino\t\t\t\t\t\t\t\t<\/div>\n\t\t\t\t\t\t\t\t\t\t\t\t\t<\/a>\n\t\t\t\t\t\t\t\t\t\t<div class=\"portfolio-grid__content\">\n\t\t\t\t\t\t<a class=\"h4  portfolio-grid__item-title\" href=\"https:\/\/www.freealp.com\/de\/portfolio\/rio-ruzza\/\">Klettersteige Rio Ruzza<\/a>\n\t\t\t\t\t\t\t\t\t\t\t\t\t<p class=\"portfolio-grid__price\">\u20ac90<\/p>\n\t\t\t\t\t\t\t\t\t\t\t\t\t\t\t\t\t\t\t\t\t\t\t\t\t\t\t\t\t\t\t\t\t\t\t\t\t\t\t\t\t\t\t<div class=\"portfolio-grid__label\" style=\"background-color:#ffbb00;\">\n\t\t\t\t\t\t\t\t\t\t<!--medium+halber tag-->\n\t\t\t\t\t\t\t\t\t\tmedium\t\t\t\t\t\t\t\t\t<\/div>\n\t\t\t\t\t\t\t\t\t\t\t\t\t\t\t\t\t\t\t\t\t\t\t\t\t<div class=\"portfolio-grid__label\" style=\"background-color:#0093c9;\">\n\t\t\t\t\t\t\t\t\t\t<!--medium+halber tag-->\n\t\t\t\t\t\t\t\t\t\thalber tag\t\t\t\t\t\t\t\t\t<\/div>\n\t\t\t\t\t\t\t\t\t\t\t\t\t\t\t\t\t\t\t<\/div>\n\t\t\t\t<\/div>\n\t\t\t<\/div>\n\t\t\t\t\t\t<div class=\"col-xs-12  col-sm-6  col-md-6  col-lg-2  js-wpg-item\" data-categories=\"via-ferrata-de\" aaa>\n\t\t\t\t<div class=\"portfolio-grid__item\">\n\t\t\t\t\t\t\t\t\t\t\t<a class=\"portfolio-grid__image  js-wpg-card\" href=\"https:\/\/www.freealp.com\/de\/portfolio\/klettersteig-sentiero-dei-contrabbandieri\/\">\n\t\t\t\t\t\t\t<img loading=\"lazy\" decoding=\"async\" width=\"428\" height=\"242\" src=\"https:\/\/www.freealp.com\/wp-content\/uploads\/2018\/05\/contra-tp1-e1555235540666-428x242.jpg\" class=\"card-img-top  portfolio-grid__card-img wp-post-image\" alt=\"\" \/>\t\t\t\t\t\t\t\t\t\t\t\t\t\t\t<div class=\"portfolio-grid__specification\">\n\t\t\t\t\t\t\t\t\t<i class=\"fa fa-map-marker\" aria-hidden=\"true\"><\/i> PREGASINA\t\t\t\t\t\t\t\t<\/div>\n\t\t\t\t\t\t\t\t\t\t\t\t\t<\/a>\n\t\t\t\t\t\t\t\t\t\t<div class=\"portfolio-grid__content\">\n\t\t\t\t\t\t<a class=\"h4  portfolio-grid__item-title\" href=\"https:\/\/www.freealp.com\/de\/portfolio\/klettersteig-sentiero-dei-contrabbandieri\/\">Klettersteig Sentiero dei Contrabbandieri<\/a>\n\t\t\t\t\t\t\t\t\t\t\t\t\t<p class=\"portfolio-grid__price\">\u20ac100<\/p>\n\t\t\t\t\t\t\t\t\t\t\t\t\t\t\t\t\t\t\t\t\t\t\t\t\t\t\t\t\t\t\t\t\t\t\t\t\t\t\t\t\t\t\t<div class=\"portfolio-grid__label\" style=\"background-color:#ffbb00;\">\n\t\t\t\t\t\t\t\t\t\t<!--medium+halber tag-->\n\t\t\t\t\t\t\t\t\t\tmedium\t\t\t\t\t\t\t\t\t<\/div>\n\t\t\t\t\t\t\t\t\t\t\t\t\t\t\t\t\t\t\t\t\t\t\t\t\t<div class=\"portfolio-grid__label\" style=\"background-color:#0093c9;\">\n\t\t\t\t\t\t\t\t\t\t<!--medium+halber tag-->\n\t\t\t\t\t\t\t\t\t\thalber tag\t\t\t\t\t\t\t\t\t<\/div>\n\t\t\t\t\t\t\t\t\t\t\t\t\t\t\t\t\t\t\t<\/div>\n\t\t\t\t<\/div>\n\t\t\t<\/div>\n\t\t\t<\/div><\/div><div class=\"carousel-item\"><div class=\"row\" dfg>\t\t\t<div class=\"col-xs-12  col-sm-6  col-md-6  col-lg-2  js-wpg-item\" data-categories=\"via-ferrata-de\" aaa>\n\t\t\t\t<div class=\"portfolio-grid__item\">\n\t\t\t\t\t\t\t\t\t\t\t<a class=\"portfolio-grid__image  js-wpg-card\" href=\"https:\/\/www.freealp.com\/de\/portfolio\/ferrata-delle-aquile\/\">\n\t\t\t\t\t\t\t<img loading=\"lazy\" decoding=\"async\" width=\"428\" height=\"242\" src=\"https:\/\/www.freealp.com\/wp-content\/uploads\/2018\/08\/aquile2-428x242.jpg\" class=\"card-img-top  portfolio-grid__card-img wp-post-image\" alt=\"\" \/>\t\t\t\t\t\t\t\t\t\t\t\t\t\t\t<div class=\"portfolio-grid__specification\">\n\t\t\t\t\t\t\t\t\t<i class=\"fa fa-map-marker\" aria-hidden=\"true\"><\/i> ANDALO\t\t\t\t\t\t\t\t<\/div>\n\t\t\t\t\t\t\t\t\t\t\t\t\t<\/a>\n\t\t\t\t\t\t\t\t\t\t<div class=\"portfolio-grid__content\">\n\t\t\t\t\t\t<a class=\"h4  portfolio-grid__item-title\" href=\"https:\/\/www.freealp.com\/de\/portfolio\/ferrata-delle-aquile\/\">Via Ferrata delle Aquile<\/a>\n\t\t\t\t\t\t\t\t\t\t\t\t\t<p class=\"portfolio-grid__price\">\u20ac150<\/p>\n\t\t\t\t\t\t\t\t\t\t\t\t\t\t\t\t\t\t\t\t\t\t\t\t\t\t\t\t\t\t\t\t\t\t\t\t\t\t\t\t\t\t\t<div class=\"portfolio-grid__label\" style=\"background-color:#ffbb00;\">\n\t\t\t\t\t\t\t\t\t\t<!--medium+ganzer Tag-->\n\t\t\t\t\t\t\t\t\t\tmedium\t\t\t\t\t\t\t\t\t<\/div>\n\t\t\t\t\t\t\t\t\t\t\t\t\t\t\t\t\t\t\t\t\t\t\t\t\t<div class=\"portfolio-grid__label\" style=\"background-color:#383abc;\">\n\t\t\t\t\t\t\t\t\t\t<!--medium+ganzer Tag-->\n\t\t\t\t\t\t\t\t\t\tganzer Tag\t\t\t\t\t\t\t\t\t<\/div>\n\t\t\t\t\t\t\t\t\t\t\t\t\t\t\t\t\t\t\t<\/div>\n\t\t\t\t<\/div>\n\t\t\t<\/div>\n\t\t\t\t\t\t<div class=\"col-xs-12  col-sm-6  col-md-6  col-lg-2  js-wpg-item\" data-categories=\"via-ferrata-de\" aaa>\n\t\t\t\t<div class=\"portfolio-grid__item\">\n\t\t\t\t\t\t\t\t\t\t\t<a class=\"portfolio-grid__image  js-wpg-card\" href=\"https:\/\/www.freealp.com\/de\/portfolio\/klettersteige-kurs\/\">\n\t\t\t\t\t\t\t<img loading=\"lazy\" decoding=\"async\" width=\"428\" height=\"242\" src=\"https:\/\/www.freealp.com\/wp-content\/uploads\/2018\/02\/colodri1-e1554989174618-428x242.jpg\" class=\"card-img-top  portfolio-grid__card-img wp-post-image\" alt=\"\" \/>\t\t\t\t\t\t\t\t\t\t\t\t\t\t\t<div class=\"portfolio-grid__specification\">\n\t\t\t\t\t\t\t\t\t<i class=\"fa fa-map-marker\" aria-hidden=\"true\"><\/i> ARCO\t\t\t\t\t\t\t\t<\/div>\n\t\t\t\t\t\t\t\t\t\t\t\t\t<\/a>\n\t\t\t\t\t\t\t\t\t\t<div class=\"portfolio-grid__content\">\n\t\t\t\t\t\t<a class=\"h4  portfolio-grid__item-title\" href=\"https:\/\/www.freealp.com\/de\/portfolio\/klettersteige-kurs\/\">Klettersteige Kurs<\/a>\n\t\t\t\t\t\t\t\t\t\t\t\t\t<p class=\"portfolio-grid__price\">\u20ac300<\/p>\n\t\t\t\t\t\t\t\t\t\t\t\t\t\t\t\t\t\t\t\t\t\t\t\t\t\t\t\t\t\t\t\t\t\t\t\t\t\t\t\t\t\t\t<div class=\"portfolio-grid__label\" style=\"background-color:limegreen;\">\n\t\t\t\t\t\t\t\t\t\t<!--easy+3 halber tag-->\n\t\t\t\t\t\t\t\t\t\teasy\t\t\t\t\t\t\t\t\t<\/div>\n\t\t\t\t\t\t\t\t\t\t\t\t\t\t\t\t\t\t\t\t\t\t\t\t\t<div class=\"portfolio-grid__label\">\n\t\t\t\t\t\t\t\t\t\t<!--easy+3 halber tag-->\n\t\t\t\t\t\t\t\t\t\t3 halber tag\t\t\t\t\t\t\t\t\t<\/div>\n\t\t\t\t\t\t\t\t\t\t\t\t\t\t\t\t\t\t<\/div>\n\t\t\t\t<\/div>\n\t\t\t<\/div>\n\t\t\t\t\t\t<div class=\"col-xs-12  col-sm-6  col-lg-2  js-wpg-item\" data-categories=\"\">\n\t\t\t\t<div class=\"portfolio-grid__card  portfolio-grid__card--dummy  js-wpg-card\" href=\"https:\/\/www.freealp.com\/de\/portfolio\/klettersteige-kurs\/\">\n\t\t\t\t\t<div class=\"portfolio-grid__card-block  text-xs-center\">\n\t\t\t\t\t\t<span class=\"fa fa-envelope fa-3x\"><\/span>\n\t\t\t\t\t\t<h5 class=\"portfolio-grid__card-title\">Haben eine andere Anfrage?<\/h5>\n\t\t\t\t\t\t<p class=\"portfolio-grid__card-text\">Etwas Besonderes?<\/p>\n\t\t\t\t\t\t<a href=\"\/kontakt\/\" class=\"portfolio-grid__cta  btn  btn-primary\">Kontakt<\/a>\n\t\t\t\t\t<\/div>\n\t\t\t\t<\/div>\n\t\t\t<\/div>\n\t\t\t\t\t\t\t\t\t\t\t\t<\/div>\n\t\t\t\t\t\t\t\t<\/div>\n\t\t\t\t\t\t\t<\/div>\n\t\t\t\t\t\t<\/div>\n\t\t\t\t\t<\/div>\n\t\t\t\t\t<\/div><\/div><\/div><\/div><\/div>","protected":false},"excerpt":{"rendered":"<p>xcbcfbvc<\/p>\n","protected":false},"author":1,"featured_media":8062,"comment_status":"closed","ping_status":"closed","template":"","meta":{"_acf_changed":false,"footnotes":""},"portfolio_category":[81],"portfolio_tag":[],"class_list":{"0":"post-8129","1":"portfolio","2":"type-portfolio","3":"status-publish","4":"has-post-thumbnail","6":"portfolio_category-via-ferrata-de","7":"clearfix","8":"article"},"acf":[],"yoast_head":"<!-- This site is optimized with the Yoast SEO plugin v26.8 - https:\/\/yoast.com\/product\/yoast-seo-wordpress\/ -->\n<title>Klettersteige Kurs - Free Alp<\/title>\n<meta name=\"description\" content=\"Von Fr\u00fchling bis Herbst organisieren wir einen Kurs, um die Techniken f\u00fcr den sicheren Umgang mit ausger\u00fcsteten und festen Routen zu erlernen.Die Kurse werden an drei Ausfahrten auf den spektakul\u00e4rsten Klettersteigen im Etsch- und Sarcatal ausgebaut.W\u00e4hrend der Tage werden verschiedene Themen behandelt, von der Weiterentwicklung \u00fcber die Verwendung von Materialien bis hin zu Man\u00f6vern f\u00fcr den sicheren Ablauf von Exkursionen.Ideal f\u00fcr diejenigen, die bereits Erfahrungen gesammelt haben oder sich in dieser vertikalen Disziplin versuchen m\u00f6chten.Wir bewegen uns in kleinen Gruppen, um Ihnen die h\u00f6chste Qualit\u00e4t und den besten Service zu bieten.Unsere Bergf\u00fchrer sind alle UIAGM-zertifiziert.\" \/>\n<meta name=\"robots\" content=\"index, follow, max-snippet:-1, max-image-preview:large, max-video-preview:-1\" \/>\n<link rel=\"canonical\" href=\"https:\/\/www.freealp.com\/de\/portfolio\/klettersteige-kurs\/\" \/>\n<meta property=\"og:locale\" content=\"de_DE\" \/>\n<meta property=\"og:type\" content=\"article\" \/>\n<meta property=\"og:title\" content=\"Klettersteige Kurs - Free Alp\" \/>\n<meta property=\"og:description\" content=\"Von Fr\u00fchling bis Herbst organisieren wir einen Kurs, um die Techniken f\u00fcr den sicheren Umgang mit ausger\u00fcsteten und festen Routen zu erlernen.Die Kurse werden an drei Ausfahrten auf den spektakul\u00e4rsten Klettersteigen im Etsch- und Sarcatal ausgebaut.W\u00e4hrend der Tage werden verschiedene Themen behandelt, von der Weiterentwicklung \u00fcber die Verwendung von Materialien bis hin zu Man\u00f6vern f\u00fcr den sicheren Ablauf von Exkursionen.Ideal f\u00fcr diejenigen, die bereits Erfahrungen gesammelt haben oder sich in dieser vertikalen Disziplin versuchen m\u00f6chten.Wir bewegen uns in kleinen Gruppen, um Ihnen die h\u00f6chste Qualit\u00e4t und den besten Service zu bieten.Unsere Bergf\u00fchrer sind alle UIAGM-zertifiziert.\" \/>\n<meta property=\"og:url\" content=\"https:\/\/www.freealp.com\/de\/portfolio\/klettersteige-kurs\/\" \/>\n<meta property=\"og:site_name\" content=\"Free Alp\" \/>\n<meta property=\"article:modified_time\" content=\"2023-03-05T13:36:06+00:00\" \/>\n<meta property=\"og:image\" content=\"https:\/\/www.freealp.com\/wp-content\/uploads\/2018\/02\/colodri1-e1554989174618.jpg\" \/>\n\t<meta property=\"og:image:width\" content=\"2895\" \/>\n\t<meta property=\"og:image:height\" content=\"1990\" \/>\n\t<meta property=\"og:image:type\" content=\"image\/jpeg\" \/>\n<meta name=\"twitter:card\" content=\"summary_large_image\" \/>\n<meta name=\"twitter:label1\" content=\"Gesch\u00e4tzte Lesezeit\" \/>\n\t<meta name=\"twitter:data1\" content=\"2\u00a0Minuten\" \/>\n<script type=\"application\/ld+json\" class=\"yoast-schema-graph\">{\"@context\":\"https:\/\/schema.org\",\"@graph\":[{\"@type\":\"WebPage\",\"@id\":\"https:\/\/www.freealp.com\/de\/portfolio\/klettersteige-kurs\/\",\"url\":\"https:\/\/www.freealp.com\/de\/portfolio\/klettersteige-kurs\/\",\"name\":\"Klettersteige Kurs - Free Alp\",\"isPartOf\":{\"@id\":\"https:\/\/www.freealp.com\/#website\"},\"primaryImageOfPage\":{\"@id\":\"https:\/\/www.freealp.com\/de\/portfolio\/klettersteige-kurs\/#primaryimage\"},\"image\":{\"@id\":\"https:\/\/www.freealp.com\/de\/portfolio\/klettersteige-kurs\/#primaryimage\"},\"thumbnailUrl\":\"https:\/\/www.freealp.com\/wp-content\/uploads\/2018\/02\/colodri1-e1554989174618.jpg\",\"datePublished\":\"2018-09-01T14:36:45+00:00\",\"dateModified\":\"2023-03-05T13:36:06+00:00\",\"description\":\"Von Fr\u00fchling bis Herbst organisieren wir einen Kurs, um die Techniken f\u00fcr den sicheren Umgang mit ausger\u00fcsteten und festen Routen zu erlernen.Die Kurse werden an drei Ausfahrten auf den spektakul\u00e4rsten Klettersteigen im Etsch- und Sarcatal ausgebaut.W\u00e4hrend der Tage werden verschiedene Themen behandelt, von der Weiterentwicklung \u00fcber die Verwendung von Materialien bis hin zu Man\u00f6vern f\u00fcr den sicheren Ablauf von Exkursionen.Ideal f\u00fcr diejenigen, die bereits Erfahrungen gesammelt haben oder sich in dieser vertikalen Disziplin versuchen m\u00f6chten.Wir bewegen uns in kleinen Gruppen, um Ihnen die h\u00f6chste Qualit\u00e4t und den besten Service zu bieten.Unsere Bergf\u00fchrer sind alle UIAGM-zertifiziert.\",\"breadcrumb\":{\"@id\":\"https:\/\/www.freealp.com\/de\/portfolio\/klettersteige-kurs\/#breadcrumb\"},\"inLanguage\":\"de\",\"potentialAction\":[{\"@type\":\"ReadAction\",\"target\":[\"https:\/\/www.freealp.com\/de\/portfolio\/klettersteige-kurs\/\"]}]},{\"@type\":\"ImageObject\",\"inLanguage\":\"de\",\"@id\":\"https:\/\/www.freealp.com\/de\/portfolio\/klettersteige-kurs\/#primaryimage\",\"url\":\"https:\/\/www.freealp.com\/wp-content\/uploads\/2018\/02\/colodri1-e1554989174618.jpg\",\"contentUrl\":\"https:\/\/www.freealp.com\/wp-content\/uploads\/2018\/02\/colodri1-e1554989174618.jpg\",\"width\":2895,\"height\":1990},{\"@type\":\"BreadcrumbList\",\"@id\":\"https:\/\/www.freealp.com\/de\/portfolio\/klettersteige-kurs\/#breadcrumb\",\"itemListElement\":[{\"@type\":\"ListItem\",\"position\":1,\"name\":\"Home\",\"item\":\"https:\/\/www.freealp.com\/de\/\"},{\"@type\":\"ListItem\",\"position\":2,\"name\":\"Portfolio\",\"item\":\"https:\/\/www.freealp.com\/de\/portfolio\/\"},{\"@type\":\"ListItem\",\"position\":3,\"name\":\"Klettersteige Kurs\"}]},{\"@type\":\"WebSite\",\"@id\":\"https:\/\/www.freealp.com\/#website\",\"url\":\"https:\/\/www.freealp.com\/\",\"name\":\"Free Alp\",\"description\":\"OUTDOOR EMOTION ACTIVITY ARCO GARDA LAKE\",\"potentialAction\":[{\"@type\":\"SearchAction\",\"target\":{\"@type\":\"EntryPoint\",\"urlTemplate\":\"https:\/\/www.freealp.com\/?s={search_term_string}\"},\"query-input\":{\"@type\":\"PropertyValueSpecification\",\"valueRequired\":true,\"valueName\":\"search_term_string\"}}],\"inLanguage\":\"de\"}]}<\/script>\n<!-- \/ Yoast SEO plugin. -->","yoast_head_json":{"title":"Klettersteige Kurs - Free Alp","description":"Von Fr\u00fchling bis Herbst organisieren wir einen Kurs, um die Techniken f\u00fcr den sicheren Umgang mit ausger\u00fcsteten und festen Routen zu erlernen.Die Kurse werden an drei Ausfahrten auf den spektakul\u00e4rsten Klettersteigen im Etsch- und Sarcatal ausgebaut.W\u00e4hrend der Tage werden verschiedene Themen behandelt, von der Weiterentwicklung \u00fcber die Verwendung von Materialien bis hin zu Man\u00f6vern f\u00fcr den sicheren Ablauf von Exkursionen.Ideal f\u00fcr diejenigen, die bereits Erfahrungen gesammelt haben oder sich in dieser vertikalen Disziplin versuchen m\u00f6chten.Wir bewegen uns in kleinen Gruppen, um Ihnen die h\u00f6chste Qualit\u00e4t und den besten Service zu bieten.Unsere Bergf\u00fchrer sind alle UIAGM-zertifiziert.","robots":{"index":"index","follow":"follow","max-snippet":"max-snippet:-1","max-image-preview":"max-image-preview:large","max-video-preview":"max-video-preview:-1"},"canonical":"https:\/\/www.freealp.com\/de\/portfolio\/klettersteige-kurs\/","og_locale":"de_DE","og_type":"article","og_title":"Klettersteige Kurs - Free Alp","og_description":"Von Fr\u00fchling bis Herbst organisieren wir einen Kurs, um die Techniken f\u00fcr den sicheren Umgang mit ausger\u00fcsteten und festen Routen zu erlernen.Die Kurse werden an drei Ausfahrten auf den spektakul\u00e4rsten Klettersteigen im Etsch- und Sarcatal ausgebaut.W\u00e4hrend der Tage werden verschiedene Themen behandelt, von der Weiterentwicklung \u00fcber die Verwendung von Materialien bis hin zu Man\u00f6vern f\u00fcr den sicheren Ablauf von Exkursionen.Ideal f\u00fcr diejenigen, die bereits Erfahrungen gesammelt haben oder sich in dieser vertikalen Disziplin versuchen m\u00f6chten.Wir bewegen uns in kleinen Gruppen, um Ihnen die h\u00f6chste Qualit\u00e4t und den besten Service zu bieten.Unsere Bergf\u00fchrer sind alle UIAGM-zertifiziert.","og_url":"https:\/\/www.freealp.com\/de\/portfolio\/klettersteige-kurs\/","og_site_name":"Free Alp","article_modified_time":"2023-03-05T13:36:06+00:00","og_image":[{"width":2895,"height":1990,"url":"https:\/\/www.freealp.com\/wp-content\/uploads\/2018\/02\/colodri1-e1554989174618.jpg","type":"image\/jpeg"}],"twitter_card":"summary_large_image","twitter_misc":{"Gesch\u00e4tzte Lesezeit":"2\u00a0Minuten"},"schema":{"@context":"https:\/\/schema.org","@graph":[{"@type":"WebPage","@id":"https:\/\/www.freealp.com\/de\/portfolio\/klettersteige-kurs\/","url":"https:\/\/www.freealp.com\/de\/portfolio\/klettersteige-kurs\/","name":"Klettersteige Kurs - Free Alp","isPartOf":{"@id":"https:\/\/www.freealp.com\/#website"},"primaryImageOfPage":{"@id":"https:\/\/www.freealp.com\/de\/portfolio\/klettersteige-kurs\/#primaryimage"},"image":{"@id":"https:\/\/www.freealp.com\/de\/portfolio\/klettersteige-kurs\/#primaryimage"},"thumbnailUrl":"https:\/\/www.freealp.com\/wp-content\/uploads\/2018\/02\/colodri1-e1554989174618.jpg","datePublished":"2018-09-01T14:36:45+00:00","dateModified":"2023-03-05T13:36:06+00:00","description":"Von Fr\u00fchling bis Herbst organisieren wir einen Kurs, um die Techniken f\u00fcr den sicheren Umgang mit ausger\u00fcsteten und festen Routen zu erlernen.Die Kurse werden an drei Ausfahrten auf den spektakul\u00e4rsten Klettersteigen im Etsch- und Sarcatal ausgebaut.W\u00e4hrend der Tage werden verschiedene Themen behandelt, von der Weiterentwicklung \u00fcber die Verwendung von Materialien bis hin zu Man\u00f6vern f\u00fcr den sicheren Ablauf von Exkursionen.Ideal f\u00fcr diejenigen, die bereits Erfahrungen gesammelt haben oder sich in dieser vertikalen Disziplin versuchen m\u00f6chten.Wir bewegen uns in kleinen Gruppen, um Ihnen die h\u00f6chste Qualit\u00e4t und den besten Service zu bieten.Unsere Bergf\u00fchrer sind alle UIAGM-zertifiziert.","breadcrumb":{"@id":"https:\/\/www.freealp.com\/de\/portfolio\/klettersteige-kurs\/#breadcrumb"},"inLanguage":"de","potentialAction":[{"@type":"ReadAction","target":["https:\/\/www.freealp.com\/de\/portfolio\/klettersteige-kurs\/"]}]},{"@type":"ImageObject","inLanguage":"de","@id":"https:\/\/www.freealp.com\/de\/portfolio\/klettersteige-kurs\/#primaryimage","url":"https:\/\/www.freealp.com\/wp-content\/uploads\/2018\/02\/colodri1-e1554989174618.jpg","contentUrl":"https:\/\/www.freealp.com\/wp-content\/uploads\/2018\/02\/colodri1-e1554989174618.jpg","width":2895,"height":1990},{"@type":"BreadcrumbList","@id":"https:\/\/www.freealp.com\/de\/portfolio\/klettersteige-kurs\/#breadcrumb","itemListElement":[{"@type":"ListItem","position":1,"name":"Home","item":"https:\/\/www.freealp.com\/de\/"},{"@type":"ListItem","position":2,"name":"Portfolio","item":"https:\/\/www.freealp.com\/de\/portfolio\/"},{"@type":"ListItem","position":3,"name":"Klettersteige Kurs"}]},{"@type":"WebSite","@id":"https:\/\/www.freealp.com\/#website","url":"https:\/\/www.freealp.com\/","name":"Free Alp","description":"OUTDOOR EMOTION ACTIVITY ARCO GARDA LAKE","potentialAction":[{"@type":"SearchAction","target":{"@type":"EntryPoint","urlTemplate":"https:\/\/www.freealp.com\/?s={search_term_string}"},"query-input":{"@type":"PropertyValueSpecification","valueRequired":true,"valueName":"search_term_string"}}],"inLanguage":"de"}]}},"_links":{"self":[{"href":"https:\/\/www.freealp.com\/de\/wp-json\/wp\/v2\/portfolio\/8129","targetHints":{"allow":["GET"]}}],"collection":[{"href":"https:\/\/www.freealp.com\/de\/wp-json\/wp\/v2\/portfolio"}],"about":[{"href":"https:\/\/www.freealp.com\/de\/wp-json\/wp\/v2\/types\/portfolio"}],"author":[{"embeddable":true,"href":"https:\/\/www.freealp.com\/de\/wp-json\/wp\/v2\/users\/1"}],"replies":[{"embeddable":true,"href":"https:\/\/www.freealp.com\/de\/wp-json\/wp\/v2\/comments?post=8129"}],"version-history":[{"count":4,"href":"https:\/\/www.freealp.com\/de\/wp-json\/wp\/v2\/portfolio\/8129\/revisions"}],"predecessor-version":[{"id":10883,"href":"https:\/\/www.freealp.com\/de\/wp-json\/wp\/v2\/portfolio\/8129\/revisions\/10883"}],"wp:featuredmedia":[{"embeddable":true,"href":"https:\/\/www.freealp.com\/de\/wp-json\/wp\/v2\/media\/8062"}],"wp:attachment":[{"href":"https:\/\/www.freealp.com\/de\/wp-json\/wp\/v2\/media?parent=8129"}],"wp:term":[{"taxonomy":"portfolio_category","embeddable":true,"href":"https:\/\/www.freealp.com\/de\/wp-json\/wp\/v2\/portfolio_category?post=8129"},{"taxonomy":"portfolio_tag","embeddable":true,"href":"https:\/\/www.freealp.com\/de\/wp-json\/wp\/v2\/portfolio_tag?post=8129"}],"curies":[{"name":"wp","href":"https:\/\/api.w.org\/{rel}","templated":true}]}}