{"id":8119,"date":"2018-08-01T13:50:26","date_gmt":"2018-08-01T13:50:26","guid":{"rendered":"https:\/\/www.freealp.com\/archives\/portfolio\/ferrata-delle-aquile"},"modified":"2023-03-05T14:54:59","modified_gmt":"2023-03-05T13:54:59","slug":"ferrata-delle-aquile","status":"publish","type":"portfolio","link":"https:\/\/www.freealp.com\/de\/portfolio\/ferrata-delle-aquile\/","title":{"rendered":"Via Ferrata delle Aquile"},"content":{"rendered":"<div id=\"pl-8119\"  class=\"panel-layout\" ><div id=\"pg-8119-0\"  class=\"panel-grid panel-no-style\" ><div id=\"pgc-8119-0-0\"  class=\"panel-grid-cell\" ><div id=\"panel-8119-0-0-0\" class=\"so-panel widget widget_sow-editor panel-first-child panel-last-child\" data-index=\"0\" ><div\n\t\t\t\n\t\t\tclass=\"so-widget-sow-editor so-widget-sow-editor-base\"\n\t\t\t\n\t\t>\n<div class=\"siteorigin-widget-tinymce textwidget\">\n\t<p><strong>VIA FERRATA DELLE AQUILE<\/strong><\/p>\n<p>Eine aufregende Route mit gro\u00dfartiger Exposition, die die Ostwand der Paganella \u00fcberquert. Dank nat\u00fcrlicher Felsvorspr\u00fcnge und Metalltreppen genie\u00dfen Sie einen einzigartigen Blick auf das Etschtal und die Brentadolomiten bis zum Gardasee.<\/p>\n<p>Spannende Momente beim \u00dcberqueren der spektakul\u00e4ren tibetischen Br\u00fccken und beim letzten Aufstieg \u00fcber die Wendeltreppe.<\/p>\n<p>Wir bewegen uns in kleinen Gruppen, um Ihnen die h\u00f6chste Qualit\u00e4t und den besten Service zu bieten.<\/p>\n<p><strong>Unsere Bergf\u00fchrer sind alle UIAGM-zertifiziert.<\/strong><\/p>\n<\/div>\n<\/div><\/div><\/div><div id=\"pgc-8119-0-1\"  class=\"panel-grid-cell\" ><div id=\"panel-8119-0-1-0\" class=\"so-panel widget widget_sow-editor panel-first-child panel-last-child\" data-index=\"1\" ><div\n\t\t\t\n\t\t\tclass=\"so-widget-sow-editor so-widget-sow-editor-base\"\n\t\t\t\n\t\t>\n<div class=\"siteorigin-widget-tinymce textwidget\">\n\t<p><img loading=\"lazy\" decoding=\"async\" class=\"alignnone wp-image-4862 size-large\" src=\"https:\/\/www.freealp.com\/wp-content\/uploads\/2018\/08\/aquile1-e1554996011822-1024x850.jpg\" alt=\"\" width=\"1024\" height=\"850\" srcset=\"https:\/\/www.freealp.com\/wp-content\/uploads\/2018\/08\/aquile1-e1554996011822-1024x850.jpg 1024w, https:\/\/www.freealp.com\/wp-content\/uploads\/2018\/08\/aquile1-e1554996011822-300x249.jpg 300w, https:\/\/www.freealp.com\/wp-content\/uploads\/2018\/08\/aquile1-e1554996011822-768x638.jpg 768w, https:\/\/www.freealp.com\/wp-content\/uploads\/2018\/08\/aquile1-e1554996011822-600x498.jpg 600w, https:\/\/www.freealp.com\/wp-content\/uploads\/2018\/08\/aquile1-e1554996011822.jpg 1536w\" sizes=\"auto, (max-width: 1024px) 100vw, 1024px\" \/><\/p>\n<\/div>\n<\/div><\/div><\/div><\/div><div id=\"pg-8119-1\"  class=\"panel-grid panel-no-style\" ><div id=\"pgc-8119-1-0\"  class=\"panel-grid-cell\" ><div id=\"panel-8119-1-0-0\" class=\"so-panel widget widget_sow-editor panel-first-child panel-last-child\" data-index=\"2\" ><div\n\t\t\t\n\t\t\tclass=\"so-widget-sow-editor so-widget-sow-editor-base\"\n\t\t\t\n\t\t>\n<div class=\"siteorigin-widget-tinymce textwidget\">\n\t<p><img loading=\"lazy\" decoding=\"async\" class=\"alignnone size-large wp-image-4875\" src=\"https:\/\/www.freealp.com\/wp-content\/uploads\/2018\/08\/aquile7-768x1024.jpg\" alt=\"\" width=\"768\" height=\"1024\" srcset=\"https:\/\/www.freealp.com\/wp-content\/uploads\/2018\/08\/aquile7-768x1024.jpg 768w, https:\/\/www.freealp.com\/wp-content\/uploads\/2018\/08\/aquile7-225x300.jpg 225w, https:\/\/www.freealp.com\/wp-content\/uploads\/2018\/08\/aquile7-600x800.jpg 600w, https:\/\/www.freealp.com\/wp-content\/uploads\/2018\/08\/aquile7.jpg 1536w\" sizes=\"auto, (max-width: 768px) 100vw, 768px\" \/><\/p>\n<\/div>\n<\/div><\/div><\/div><div id=\"pgc-8119-1-1\"  class=\"panel-grid-cell\" ><div id=\"panel-8119-1-1-0\" class=\"so-panel widget widget_sow-editor panel-first-child panel-last-child\" data-index=\"3\" ><div\n\t\t\t\n\t\t\tclass=\"so-widget-sow-editor so-widget-sow-editor-base\"\n\t\t\t\n\t\t>\n<div class=\"siteorigin-widget-tinymce textwidget\">\n\t<div class=\"su-accordion su-u-trim\"><div class=\"su-spoiler su-spoiler-style-default su-spoiler-icon-plus\" data-scroll-offset=\"0\" data-anchor-in-url=\"no\"><div class=\"su-spoiler-title\" tabindex=\"0\" role=\"button\"><span class=\"su-spoiler-icon\"><\/span>INFO<\/div><div class=\"su-spoiler-content su-u-clearfix su-u-trim\"><\/p>\n<p style=\"font-size: 16px;\"><span class=\"icon-container\"><span class=\"fa fa-long-arrow-right\" style=\"color:#ff7240;\"><\/span><\/span> <span style=\"color: #2e3b4e;\"><strong>Ort<\/strong><br \/>\nAndalo<br \/>\n<\/span><\/p>\n<hr class=\"hr--dashed\" \/>\n<p style=\"font-size: 16px;\"><span class=\"icon-container\"><span class=\"fa fa-long-arrow-right\" style=\"color:#ff7240;\"><\/span><\/span> <strong>Voraussetzungen<\/strong><span style=\"color: #2e3b4e;\"><br \/>\nGute k\u00f6rperliche Verfassung Erfahrung im Klettersteig<br \/>\n<\/span><\/p>\n<hr class=\"hr--dashed\" \/>\n<p style=\"font-size: 16px;\"><span style=\"color: #2e3b4e;\"><span class=\"icon-container\"><span class=\"fa fa-long-arrow-right\" style=\"color:#ff7240;\"><\/span><\/span> <strong>Ausr\u00fcstung<\/strong><br \/>\nTrekkingschuhe | Bequeme Kleidung | Rucksack mit Wasser und Snacks<br \/>\n<\/span><\/p>\n<hr class=\"hr--dashed\" \/>\n<p style=\"font-size: 16px;\"><span class=\"icon-container\"><span class=\"fa fa-long-arrow-right\" style=\"color:#ff7240;\"><\/span><\/span> <strong>Leistungen<\/strong><span style=\"color: #2e3b4e;\"><br \/>\nBergf\u00fchrer | Helm | Gurt | Klettersteigset | RC Versicherung | Kostenloser Bustransfer<br \/>\n<\/span><\/p>\n<hr class=\"hr--dashed\" \/>\n<p style=\"font-size: 16px;\"><span class=\"icon-container\"><span class=\"fa fa-long-arrow-right\" style=\"color:#ff7240;\"><\/span><\/span> <span style=\"color: #2e3b4e;\"><strong>Extra<\/strong><br \/>\nSeilbahn<br \/>\n<\/span><\/p>\n<p><\/div><\/div><\/p>\n<hr class=\"hr--dashed\" \/>\n<p><div class=\"su-spoiler su-spoiler-style-default su-spoiler-icon-plus su-spoiler-closed\" data-scroll-offset=\"0\" data-anchor-in-url=\"no\"><div class=\"su-spoiler-title\" tabindex=\"0\" role=\"button\"><span class=\"su-spoiler-icon\"><\/span>DETAILS<\/div><div class=\"su-spoiler-content su-u-clearfix su-u-trim\"><\/p>\n<p style=\"font-size: 16px;\"><span style=\"color: #2e3b4e;\"><br \/>\n<span class=\"icon-container\"><span class=\"fa fa-long-arrow-right\" style=\"color:#ff7240;\"><\/span><\/span> Max 6 Teilnehmer<br \/>\n<span class=\"icon-container\"><span class=\"fa fa-long-arrow-right\" style=\"color:#ff7240;\"><\/span><\/span> Blick auf das Etschtal<br \/>\n<span class=\"icon-container\"><span class=\"fa fa-long-arrow-right\" style=\"color:#ff7240;\"><\/span><\/span> Blick auf die Brentadolomiten<br \/>\n<span class=\"icon-container\"><span class=\"fa fa-long-arrow-right\" style=\"color:#ff7240;\"><\/span><\/span> Blick auf den Gardasee<br \/>\n<\/span><\/p>\n<p><\/div><\/div><\/p>\n<hr class=\"hr--dashed\" \/>\n<p><div class=\"su-spoiler su-spoiler-style-default su-spoiler-icon-plus su-spoiler-closed\" data-scroll-offset=\"0\" data-anchor-in-url=\"no\"><div class=\"su-spoiler-title\" tabindex=\"0\" role=\"button\"><span class=\"su-spoiler-icon\"><\/span>PROGRAMM<\/div><div class=\"su-spoiler-content su-u-clearfix su-u-trim\"><\/p>\n<p style=\"font-size: 16px;\"><span style=\"color: #2e3b4e;\"><br \/>\n<span class=\"icon-container\"><span class=\"fa fa-long-arrow-right\" style=\"color:#ff7240;\"><\/span><\/span> Kurzer Anflug von ca. 20 minuten<br \/>\n<span class=\"icon-container\"><span class=\"fa fa-long-arrow-right\" style=\"color:#ff7240;\"><\/span><\/span> Briefing<br \/>\n<span class=\"icon-container\"><span class=\"fa fa-long-arrow-right\" style=\"color:#ff7240;\"><\/span><\/span> Ankunft am Thron des Adlers<br \/>\n<span class=\"icon-container\"><span class=\"fa fa-long-arrow-right\" style=\"color:#ff7240;\"><\/span><\/span> Lunchpaket \/ Schutzh\u00fctte<br \/>\n<span class=\"icon-container\"><span class=\"fa fa-long-arrow-right\" style=\"color:#ff7240;\"><\/span><\/span> Gehen Sie etwa 30 minuten bergauf<br \/>\n<\/span><\/p>\n<p><\/div><\/div><\/p>\n<hr class=\"hr--dashed\" \/>\n<p><\/div>\n<\/div>\n<\/div><\/div><\/div><\/div><div id=\"pg-8119-2\"  class=\"panel-grid panel-no-style\" ><div id=\"pgc-8119-2-0\"  class=\"panel-grid-cell\" ><div id=\"panel-8119-2-0-0\" class=\"so-panel widget widget_pw_special_title widget-special-title panel-first-child panel-last-child\" data-index=\"4\" >\t\t\t<h2 class=\"special-title\">\n\t\t\t\tAltri Tour\t\t\t<\/h2>\n\t\t<\/div><\/div><\/div><div id=\"pg-8119-3\"  class=\"panel-grid panel-has-style\" ><div class=\"siteorigin-panels-stretch panel-row-style panel-row-style-for-8119-3\" data-stretch-type=\"full-stretched\" ><div id=\"pgc-8119-3-0\"  class=\"panel-grid-cell\" ><div id=\"panel-8119-3-0-0\" class=\"so-panel widget widget_pw_portfolio_grid widget-portfolio-grid panel-first-child panel-last-child\" data-index=\"5\" >\t\t\t\t\t<div class=\"portfolio-grid  portfolio-grid--slider\" data-type=\"slider\" data-inarow=\"6\">\n\t\t\t\t\t\t\t\t\t\t<nav class=\"portfolio-grid__header\">\n\t\t\t\t\t<a href=\"#\" class=\"portfolio-grid__mobile-filter  js-filter  btn  btn-primary  btn-sm  hidden-lg-up\">\n\t\t\t\t\t\t<span class=\"fa  fa-filter\"><\/span> &nbsp;\n\t\t\t\t\t\tFILTER\t\t\t\t\t<\/a>\n\n\t\t\t\t\t\n\t\t\t\t\t<ul class=\"portfolio-grid__nav  js-wpg-nav-holder\">\n\t\t\t\t\t\t\t\t\t\t\t\t\t\t\t\t\t\t\t<li class=\"portfolio-grid__nav-item\">\n\t\t\t\t\t\t\t\t<a onclick=\"setTimeout(aggiungi_box,1000)\" href=\"#widget-3-0-0-via-ferrata\" data-category=\"via-ferrata-de\" class=\"portfolio-grid__nav-link  js-wpg-nav\">Via Ferrata<\/a>\n\t\t\t\t\t\t\t<\/li>\n\t\t\t\t\t\t\t\t\t\t\t<\/ul>\n\n\t\t\t\t\t\t\t\t\t\t\t<div class=\"portfolio-grid__arrows\">\n\t\t\t\t\t\t\t<a class=\"portfolio-grid__arrow  portfolio-grid__arrow--left\" href=\"#portfolio-grid-widget-3-0-0\" role=\"button\" data-slide=\"prev\">\n\t\t\t\t\t\t\t\t<span class=\"fa fa-long-arrow-left\" aria-hidden=\"true\"><\/span>\n\t\t\t\t\t\t\t\t<span class=\"sr-only\">Vorher<\/span>\n\t\t\t\t\t\t\t<\/a><a class=\"portfolio-grid__arrow  portfolio-grid__arrow--right\" href=\"#portfolio-grid-widget-3-0-0\" role=\"button\" data-slide=\"next\">\n\t\t\t\t\t\t\t\t<span class=\"fa fa-long-arrow-right\" aria-hidden=\"true\"><\/span>\n\t\t\t\t\t\t\t\t<span class=\"sr-only\">Weiter<\/span>\n\t\t\t\t\t\t\t<\/a>\n\t\t\t\t\t\t<\/div>\n\t\t\t\t\t\t\t\t\t<\/nav>\n\t\t\t\t\t\t\t\t\t<div id=\"portfolio-grid-widget-3-0-0\" class=\"carousel  slide\" data-ride=\"carousel\" data-interval=\"false\">\n\t\t\t\t\t\t\t<div class=\"carousel-inner  js-wpg-items\" role=\"listbox\">\n\t\t\t\t\t\t\t\t<div class=\"carousel-item  active\">\n\t\t\t\t\t\t\t\t\t<div class=\"row\" 222>\n\t\t\t\t\t\t\t\t\t\t\t\t\t<div class=\"col-xs-12  col-sm-6  col-md-6  col-lg-2  js-wpg-item\" data-categories=\"via-ferrata-de\" aaa>\n\t\t\t\t<div class=\"portfolio-grid__item\">\n\t\t\t\t\t\t\t\t\t\t\t<a class=\"portfolio-grid__image  js-wpg-card\" href=\"https:\/\/www.freealp.com\/de\/portfolio\/klettersteig-monte-colodri\/\">\n\t\t\t\t\t\t\t<img loading=\"lazy\" decoding=\"async\" width=\"428\" height=\"242\" src=\"https:\/\/www.freealp.com\/wp-content\/uploads\/2018\/02\/colodri6-428x242.jpg\" class=\"card-img-top  portfolio-grid__card-img wp-post-image\" alt=\"\" \/>\t\t\t\t\t\t\t\t\t\t\t\t\t\t\t<div class=\"portfolio-grid__specification\">\n\t\t\t\t\t\t\t\t\t<i class=\"fa fa-map-marker\" aria-hidden=\"true\"><\/i> ARCO\t\t\t\t\t\t\t\t<\/div>\n\t\t\t\t\t\t\t\t\t\t\t\t\t<\/a>\n\t\t\t\t\t\t\t\t\t\t<div class=\"portfolio-grid__content\">\n\t\t\t\t\t\t<a class=\"h4  portfolio-grid__item-title\" href=\"https:\/\/www.freealp.com\/de\/portfolio\/klettersteig-monte-colodri\/\">Klettersteig Monte Colodri<\/a>\n\t\t\t\t\t\t\t\t\t\t\t\t\t<p class=\"portfolio-grid__price\">\u20ac70<\/p>\n\t\t\t\t\t\t\t\t\t\t\t\t\t\t\t\t\t\t\t\t\t\t\t\t\t\t\t\t\t\t\t\t\t\t\t\t\t\t\t\t\t\t\t<div class=\"portfolio-grid__label\" style=\"background-color:limegreen;\">\n\t\t\t\t\t\t\t\t\t\t<!--easy+halber Tag-->\n\t\t\t\t\t\t\t\t\t\teasy\t\t\t\t\t\t\t\t\t<\/div>\n\t\t\t\t\t\t\t\t\t\t\t\t\t\t\t\t\t\t\t\t\t\t\t\t\t<div class=\"portfolio-grid__label\" style=\"background-color:#0093c9;\">\n\t\t\t\t\t\t\t\t\t\t<!--easy+halber Tag-->\n\t\t\t\t\t\t\t\t\t\thalber Tag\t\t\t\t\t\t\t\t\t<\/div>\n\t\t\t\t\t\t\t\t\t\t\t\t\t\t\t\t\t\t\t<\/div>\n\t\t\t\t<\/div>\n\t\t\t<\/div>\n\t\t\t\t\t\t<div class=\"col-xs-12  col-sm-6  col-md-6  col-lg-2  js-wpg-item\" data-categories=\"via-ferrata-de\" aaa>\n\t\t\t\t<div class=\"portfolio-grid__item\">\n\t\t\t\t\t\t\t\t\t\t\t<a class=\"portfolio-grid__image  js-wpg-card\" href=\"https:\/\/www.freealp.com\/de\/portfolio\/klettersteig-rio-sallagoni\/\">\n\t\t\t\t\t\t\t<img loading=\"lazy\" decoding=\"async\" width=\"428\" height=\"242\" src=\"https:\/\/www.freealp.com\/wp-content\/uploads\/2018\/01\/Top-Verrate-Intro-428x242.jpg\" class=\"card-img-top  portfolio-grid__card-img wp-post-image\" alt=\"\" \/>\t\t\t\t\t\t\t\t\t\t\t\t\t\t\t<div class=\"portfolio-grid__specification\">\n\t\t\t\t\t\t\t\t\t<i class=\"fa fa-map-marker\" aria-hidden=\"true\"><\/i> Drena\t\t\t\t\t\t\t\t<\/div>\n\t\t\t\t\t\t\t\t\t\t\t\t\t<\/a>\n\t\t\t\t\t\t\t\t\t\t<div class=\"portfolio-grid__content\">\n\t\t\t\t\t\t<a class=\"h4  portfolio-grid__item-title\" href=\"https:\/\/www.freealp.com\/de\/portfolio\/klettersteig-rio-sallagoni\/\">Klettersteig Rio Sallagoni<\/a>\n\t\t\t\t\t\t\t\t\t\t\t\t\t<p class=\"portfolio-grid__price\">\u20ac70<\/p>\n\t\t\t\t\t\t\t\t\t\t\t\t\t\t\t\t\t\t\t\t\t\t\t\t\t\t\t\t\t\t\t\t\t\t\t\t\t\t\t\t\t\t\t<div class=\"portfolio-grid__label\">\n\t\t\t\t\t\t\t\t\t\t<!--easy\/medium+halber tag-->\n\t\t\t\t\t\t\t\t\t\teasy\/medium\t\t\t\t\t\t\t\t\t<\/div>\n\t\t\t\t\t\t\t\t\t\t\t\t\t\t\t\t\t\t\t\t\t\t\t\t<div class=\"portfolio-grid__label\" style=\"background-color:#0093c9;\">\n\t\t\t\t\t\t\t\t\t\t<!--easy\/medium+halber tag-->\n\t\t\t\t\t\t\t\t\t\thalber tag\t\t\t\t\t\t\t\t\t<\/div>\n\t\t\t\t\t\t\t\t\t\t\t\t\t\t\t\t\t\t\t<\/div>\n\t\t\t\t<\/div>\n\t\t\t<\/div>\n\t\t\t\t\t\t<div class=\"col-xs-12  col-sm-6  col-md-6  col-lg-2  js-wpg-item\" data-categories=\"via-ferrata-de\" aaa>\n\t\t\t\t<div class=\"portfolio-grid__item\">\n\t\t\t\t\t\t\t\t\t\t\t<a class=\"portfolio-grid__image  js-wpg-card\" href=\"https:\/\/www.freealp.com\/de\/portfolio\/klettersteig-cima-capi\/\">\n\t\t\t\t\t\t\t<img loading=\"lazy\" decoding=\"async\" width=\"428\" height=\"242\" src=\"https:\/\/www.freealp.com\/wp-content\/uploads\/2018\/03\/IMG_2215-428x242.jpg\" class=\"card-img-top  portfolio-grid__card-img wp-post-image\" alt=\"\" \/>\t\t\t\t\t\t\t\t\t\t\t\t\t\t\t<div class=\"portfolio-grid__specification\">\n\t\t\t\t\t\t\t\t\t<i class=\"fa fa-map-marker\" aria-hidden=\"true\"><\/i> Riva Del Garda\t\t\t\t\t\t\t\t<\/div>\n\t\t\t\t\t\t\t\t\t\t\t\t\t<\/a>\n\t\t\t\t\t\t\t\t\t\t<div class=\"portfolio-grid__content\">\n\t\t\t\t\t\t<a class=\"h4  portfolio-grid__item-title\" href=\"https:\/\/www.freealp.com\/de\/portfolio\/klettersteig-cima-capi\/\">Klettersteig Cima Capi<\/a>\n\t\t\t\t\t\t\t\t\t\t\t\t\t<p class=\"portfolio-grid__price\">\u20ac90<\/p>\n\t\t\t\t\t\t\t\t\t\t\t\t\t\t\t\t\t\t\t\t\t\t\t\t\t\t\t\t\t\t\t\t\t\t\t\t\t\t\t\t\t\t\t<div class=\"portfolio-grid__label\" style=\"background-color:#ffbb00;\">\n\t\t\t\t\t\t\t\t\t\t<!--medium+ ganzer Tag-->\n\t\t\t\t\t\t\t\t\t\tmedium\t\t\t\t\t\t\t\t\t<\/div>\n\t\t\t\t\t\t\t\t\t\t\t\t\t\t\t\t\t\t\t\t\t\t\t\t\t<div class=\"portfolio-grid__label\" style=\"background-color:#383abc;\">\n\t\t\t\t\t\t\t\t\t\t<!--medium+ ganzer Tag-->\n\t\t\t\t\t\t\t\t\t\t ganzer Tag\t\t\t\t\t\t\t\t\t<\/div>\n\t\t\t\t\t\t\t\t\t\t\t\t\t\t\t\t\t\t\t<\/div>\n\t\t\t\t<\/div>\n\t\t\t<\/div>\n\t\t\t\t\t\t<div class=\"col-xs-12  col-sm-6  col-md-6  col-lg-2  js-wpg-item\" data-categories=\"via-ferrata-de\" aaa>\n\t\t\t\t<div class=\"portfolio-grid__item\">\n\t\t\t\t\t\t\t\t\t\t\t<a class=\"portfolio-grid__image  js-wpg-card\" href=\"https:\/\/www.freealp.com\/de\/portfolio\/klettersteig-monte-albano\/\">\n\t\t\t\t\t\t\t<img loading=\"lazy\" decoding=\"async\" width=\"428\" height=\"242\" src=\"https:\/\/www.freealp.com\/wp-content\/uploads\/2018\/04\/albano-4-428x242.jpg\" class=\"card-img-top  portfolio-grid__card-img wp-post-image\" alt=\"\" \/>\t\t\t\t\t\t\t\t\t\t\t\t\t\t\t<div class=\"portfolio-grid__specification\">\n\t\t\t\t\t\t\t\t\t<i class=\"fa fa-map-marker\" aria-hidden=\"true\"><\/i> MORI\t\t\t\t\t\t\t\t<\/div>\n\t\t\t\t\t\t\t\t\t\t\t\t\t<\/a>\n\t\t\t\t\t\t\t\t\t\t<div class=\"portfolio-grid__content\">\n\t\t\t\t\t\t<a class=\"h4  portfolio-grid__item-title\" href=\"https:\/\/www.freealp.com\/de\/portfolio\/klettersteig-monte-albano\/\">Klettersteig Monte Albano<\/a>\n\t\t\t\t\t\t\t\t\t\t\t\t\t<p class=\"portfolio-grid__price\">\u20ac90<\/p>\n\t\t\t\t\t\t\t\t\t\t\t\t\t\t\t\t\t\t\t\t\t\t\t\t\t\t\t\t\t\t\t\t\t\t\t\t\t\t\t\t\t\t\t<div class=\"portfolio-grid__label\" style=\"background-color:#ffbb00;\">\n\t\t\t\t\t\t\t\t\t\t<!--medium+halber tag-->\n\t\t\t\t\t\t\t\t\t\tmedium\t\t\t\t\t\t\t\t\t<\/div>\n\t\t\t\t\t\t\t\t\t\t\t\t\t\t\t\t\t\t\t\t\t\t\t\t\t<div class=\"portfolio-grid__label\" style=\"background-color:#0093c9;\">\n\t\t\t\t\t\t\t\t\t\t<!--medium+halber tag-->\n\t\t\t\t\t\t\t\t\t\thalber tag\t\t\t\t\t\t\t\t\t<\/div>\n\t\t\t\t\t\t\t\t\t\t\t\t\t\t\t\t\t\t\t<\/div>\n\t\t\t\t<\/div>\n\t\t\t<\/div>\n\t\t\t\t\t\t<div class=\"col-xs-12  col-sm-6  col-md-6  col-lg-2  js-wpg-item\" data-categories=\"via-ferrata-de\" aaa>\n\t\t\t\t<div class=\"portfolio-grid__item\">\n\t\t\t\t\t\t\t\t\t\t\t<a class=\"portfolio-grid__image  js-wpg-card\" href=\"https:\/\/www.freealp.com\/de\/portfolio\/rio-ruzza\/\">\n\t\t\t\t\t\t\t<img loading=\"lazy\" decoding=\"async\" width=\"428\" height=\"242\" src=\"https:\/\/www.freealp.com\/wp-content\/uploads\/2018\/05\/IMG_2434-428x242.jpg\" class=\"card-img-top  portfolio-grid__card-img wp-post-image\" alt=\"\" \/>\t\t\t\t\t\t\t\t\t\t\t\t\t\t\t<div class=\"portfolio-grid__specification\">\n\t\t\t\t\t\t\t\t\t<i class=\"fa \" aria-hidden=\"true\"><\/i> Ballino\t\t\t\t\t\t\t\t<\/div>\n\t\t\t\t\t\t\t\t\t\t\t\t\t<\/a>\n\t\t\t\t\t\t\t\t\t\t<div class=\"portfolio-grid__content\">\n\t\t\t\t\t\t<a class=\"h4  portfolio-grid__item-title\" href=\"https:\/\/www.freealp.com\/de\/portfolio\/rio-ruzza\/\">Klettersteige Rio Ruzza<\/a>\n\t\t\t\t\t\t\t\t\t\t\t\t\t<p class=\"portfolio-grid__price\">\u20ac90<\/p>\n\t\t\t\t\t\t\t\t\t\t\t\t\t\t\t\t\t\t\t\t\t\t\t\t\t\t\t\t\t\t\t\t\t\t\t\t\t\t\t\t\t\t\t<div class=\"portfolio-grid__label\" style=\"background-color:#ffbb00;\">\n\t\t\t\t\t\t\t\t\t\t<!--medium+halber tag-->\n\t\t\t\t\t\t\t\t\t\tmedium\t\t\t\t\t\t\t\t\t<\/div>\n\t\t\t\t\t\t\t\t\t\t\t\t\t\t\t\t\t\t\t\t\t\t\t\t\t<div class=\"portfolio-grid__label\" style=\"background-color:#0093c9;\">\n\t\t\t\t\t\t\t\t\t\t<!--medium+halber tag-->\n\t\t\t\t\t\t\t\t\t\thalber tag\t\t\t\t\t\t\t\t\t<\/div>\n\t\t\t\t\t\t\t\t\t\t\t\t\t\t\t\t\t\t\t<\/div>\n\t\t\t\t<\/div>\n\t\t\t<\/div>\n\t\t\t\t\t\t<div class=\"col-xs-12  col-sm-6  col-md-6  col-lg-2  js-wpg-item\" data-categories=\"via-ferrata-de\" aaa>\n\t\t\t\t<div class=\"portfolio-grid__item\">\n\t\t\t\t\t\t\t\t\t\t\t<a class=\"portfolio-grid__image  js-wpg-card\" href=\"https:\/\/www.freealp.com\/de\/portfolio\/klettersteig-sentiero-dei-contrabbandieri\/\">\n\t\t\t\t\t\t\t<img loading=\"lazy\" decoding=\"async\" width=\"428\" height=\"242\" src=\"https:\/\/www.freealp.com\/wp-content\/uploads\/2018\/05\/contra-tp1-e1555235540666-428x242.jpg\" class=\"card-img-top  portfolio-grid__card-img wp-post-image\" alt=\"\" \/>\t\t\t\t\t\t\t\t\t\t\t\t\t\t\t<div class=\"portfolio-grid__specification\">\n\t\t\t\t\t\t\t\t\t<i class=\"fa fa-map-marker\" aria-hidden=\"true\"><\/i> PREGASINA\t\t\t\t\t\t\t\t<\/div>\n\t\t\t\t\t\t\t\t\t\t\t\t\t<\/a>\n\t\t\t\t\t\t\t\t\t\t<div class=\"portfolio-grid__content\">\n\t\t\t\t\t\t<a class=\"h4  portfolio-grid__item-title\" href=\"https:\/\/www.freealp.com\/de\/portfolio\/klettersteig-sentiero-dei-contrabbandieri\/\">Klettersteig Sentiero dei Contrabbandieri<\/a>\n\t\t\t\t\t\t\t\t\t\t\t\t\t<p class=\"portfolio-grid__price\">\u20ac100<\/p>\n\t\t\t\t\t\t\t\t\t\t\t\t\t\t\t\t\t\t\t\t\t\t\t\t\t\t\t\t\t\t\t\t\t\t\t\t\t\t\t\t\t\t\t<div class=\"portfolio-grid__label\" style=\"background-color:#ffbb00;\">\n\t\t\t\t\t\t\t\t\t\t<!--medium+halber tag-->\n\t\t\t\t\t\t\t\t\t\tmedium\t\t\t\t\t\t\t\t\t<\/div>\n\t\t\t\t\t\t\t\t\t\t\t\t\t\t\t\t\t\t\t\t\t\t\t\t\t<div class=\"portfolio-grid__label\" style=\"background-color:#0093c9;\">\n\t\t\t\t\t\t\t\t\t\t<!--medium+halber tag-->\n\t\t\t\t\t\t\t\t\t\thalber tag\t\t\t\t\t\t\t\t\t<\/div>\n\t\t\t\t\t\t\t\t\t\t\t\t\t\t\t\t\t\t\t<\/div>\n\t\t\t\t<\/div>\n\t\t\t<\/div>\n\t\t\t<\/div><\/div><div class=\"carousel-item\"><div class=\"row\" dfg>\t\t\t<div class=\"col-xs-12  col-sm-6  col-md-6  col-lg-2  js-wpg-item\" data-categories=\"via-ferrata-de\" aaa>\n\t\t\t\t<div class=\"portfolio-grid__item\">\n\t\t\t\t\t\t\t\t\t\t\t<a class=\"portfolio-grid__image  js-wpg-card\" href=\"https:\/\/www.freealp.com\/de\/portfolio\/ferrata-delle-aquile\/\">\n\t\t\t\t\t\t\t<img loading=\"lazy\" decoding=\"async\" width=\"428\" height=\"242\" src=\"https:\/\/www.freealp.com\/wp-content\/uploads\/2018\/08\/aquile2-428x242.jpg\" class=\"card-img-top  portfolio-grid__card-img wp-post-image\" alt=\"\" \/>\t\t\t\t\t\t\t\t\t\t\t\t\t\t\t<div class=\"portfolio-grid__specification\">\n\t\t\t\t\t\t\t\t\t<i class=\"fa fa-map-marker\" aria-hidden=\"true\"><\/i> ANDALO\t\t\t\t\t\t\t\t<\/div>\n\t\t\t\t\t\t\t\t\t\t\t\t\t<\/a>\n\t\t\t\t\t\t\t\t\t\t<div class=\"portfolio-grid__content\">\n\t\t\t\t\t\t<a class=\"h4  portfolio-grid__item-title\" href=\"https:\/\/www.freealp.com\/de\/portfolio\/ferrata-delle-aquile\/\">Via Ferrata delle Aquile<\/a>\n\t\t\t\t\t\t\t\t\t\t\t\t\t<p class=\"portfolio-grid__price\">\u20ac150<\/p>\n\t\t\t\t\t\t\t\t\t\t\t\t\t\t\t\t\t\t\t\t\t\t\t\t\t\t\t\t\t\t\t\t\t\t\t\t\t\t\t\t\t\t\t<div class=\"portfolio-grid__label\" style=\"background-color:#ffbb00;\">\n\t\t\t\t\t\t\t\t\t\t<!--medium+ganzer Tag-->\n\t\t\t\t\t\t\t\t\t\tmedium\t\t\t\t\t\t\t\t\t<\/div>\n\t\t\t\t\t\t\t\t\t\t\t\t\t\t\t\t\t\t\t\t\t\t\t\t\t<div class=\"portfolio-grid__label\" style=\"background-color:#383abc;\">\n\t\t\t\t\t\t\t\t\t\t<!--medium+ganzer Tag-->\n\t\t\t\t\t\t\t\t\t\tganzer Tag\t\t\t\t\t\t\t\t\t<\/div>\n\t\t\t\t\t\t\t\t\t\t\t\t\t\t\t\t\t\t\t<\/div>\n\t\t\t\t<\/div>\n\t\t\t<\/div>\n\t\t\t\t\t\t<div class=\"col-xs-12  col-sm-6  col-md-6  col-lg-2  js-wpg-item\" data-categories=\"via-ferrata-de\" aaa>\n\t\t\t\t<div class=\"portfolio-grid__item\">\n\t\t\t\t\t\t\t\t\t\t\t<a class=\"portfolio-grid__image  js-wpg-card\" href=\"https:\/\/www.freealp.com\/de\/portfolio\/klettersteige-kurs\/\">\n\t\t\t\t\t\t\t<img loading=\"lazy\" decoding=\"async\" width=\"428\" height=\"242\" src=\"https:\/\/www.freealp.com\/wp-content\/uploads\/2018\/02\/colodri1-e1554989174618-428x242.jpg\" class=\"card-img-top  portfolio-grid__card-img wp-post-image\" alt=\"\" \/>\t\t\t\t\t\t\t\t\t\t\t\t\t\t\t<div class=\"portfolio-grid__specification\">\n\t\t\t\t\t\t\t\t\t<i class=\"fa fa-map-marker\" aria-hidden=\"true\"><\/i> ARCO\t\t\t\t\t\t\t\t<\/div>\n\t\t\t\t\t\t\t\t\t\t\t\t\t<\/a>\n\t\t\t\t\t\t\t\t\t\t<div class=\"portfolio-grid__content\">\n\t\t\t\t\t\t<a class=\"h4  portfolio-grid__item-title\" href=\"https:\/\/www.freealp.com\/de\/portfolio\/klettersteige-kurs\/\">Klettersteige Kurs<\/a>\n\t\t\t\t\t\t\t\t\t\t\t\t\t<p class=\"portfolio-grid__price\">\u20ac300<\/p>\n\t\t\t\t\t\t\t\t\t\t\t\t\t\t\t\t\t\t\t\t\t\t\t\t\t\t\t\t\t\t\t\t\t\t\t\t\t\t\t\t\t\t\t<div class=\"portfolio-grid__label\" style=\"background-color:limegreen;\">\n\t\t\t\t\t\t\t\t\t\t<!--easy+3 halber tag-->\n\t\t\t\t\t\t\t\t\t\teasy\t\t\t\t\t\t\t\t\t<\/div>\n\t\t\t\t\t\t\t\t\t\t\t\t\t\t\t\t\t\t\t\t\t\t\t\t\t<div class=\"portfolio-grid__label\">\n\t\t\t\t\t\t\t\t\t\t<!--easy+3 halber tag-->\n\t\t\t\t\t\t\t\t\t\t3 halber tag\t\t\t\t\t\t\t\t\t<\/div>\n\t\t\t\t\t\t\t\t\t\t\t\t\t\t\t\t\t\t<\/div>\n\t\t\t\t<\/div>\n\t\t\t<\/div>\n\t\t\t\t\t\t<div class=\"col-xs-12  col-sm-6  col-lg-2  js-wpg-item\" data-categories=\"\">\n\t\t\t\t<div class=\"portfolio-grid__card  portfolio-grid__card--dummy  js-wpg-card\" href=\"https:\/\/www.freealp.com\/de\/portfolio\/klettersteige-kurs\/\">\n\t\t\t\t\t<div class=\"portfolio-grid__card-block  text-xs-center\">\n\t\t\t\t\t\t<span class=\"fa fa-envelope fa-3x\"><\/span>\n\t\t\t\t\t\t<h5 class=\"portfolio-grid__card-title\">Haben eine andere Anfrage?<\/h5>\n\t\t\t\t\t\t<p class=\"portfolio-grid__card-text\">Etwas Besonderes?<\/p>\n\t\t\t\t\t\t<a href=\"\/kontakt\/\" class=\"portfolio-grid__cta  btn  btn-primary\">Kontakt<\/a>\n\t\t\t\t\t<\/div>\n\t\t\t\t<\/div>\n\t\t\t<\/div>\n\t\t\t\t\t\t\t\t\t\t\t\t<\/div>\n\t\t\t\t\t\t\t\t<\/div>\n\t\t\t\t\t\t\t<\/div>\n\t\t\t\t\t\t<\/div>\n\t\t\t\t\t<\/div>\n\t\t\t\t\t<\/div><\/div><\/div><\/div><\/div>","protected":false},"excerpt":{"rendered":"<p>xcbcfbvc<\/p>\n","protected":false},"author":1,"featured_media":8121,"comment_status":"closed","ping_status":"closed","template":"","meta":{"_acf_changed":false,"footnotes":""},"portfolio_category":[81],"portfolio_tag":[],"class_list":{"0":"post-8119","1":"portfolio","2":"type-portfolio","3":"status-publish","4":"has-post-thumbnail","6":"portfolio_category-via-ferrata-de","7":"clearfix","8":"article"},"acf":[],"yoast_head":"<!-- This site is optimized with the Yoast SEO plugin v26.8 - https:\/\/yoast.com\/product\/yoast-seo-wordpress\/ -->\n<title>Via Ferrata delle Aquile - Free Alp<\/title>\n<meta name=\"description\" content=\"Eine aufregende Route mit gro\u00dfartiger Exposition, die die Ostwand der Paganella \u00fcberquert. Dank nat\u00fcrlicher Felsvorspr\u00fcnge und Metalltreppen genie\u00dfen Sie einen einzigartigen Blick auf das Etschtal und die Brentadolomiten bis zum Gardasee.Spannende Momente beim \u00dcberqueren der spektakul\u00e4ren tibetischen Br\u00fccken und beim letzten Aufstieg \u00fcber die Wendeltreppe.Wir bewegen uns in kleinen Gruppen, um Ihnen die h\u00f6chste Qualit\u00e4t und den besten Service zu bieten.Unsere Bergf\u00fchrer sind alle UIAGM-zertifiziert.\" \/>\n<meta name=\"robots\" content=\"index, follow, max-snippet:-1, max-image-preview:large, max-video-preview:-1\" \/>\n<link rel=\"canonical\" href=\"https:\/\/www.freealp.com\/de\/portfolio\/ferrata-delle-aquile\/\" \/>\n<meta property=\"og:locale\" content=\"de_DE\" \/>\n<meta property=\"og:type\" content=\"article\" \/>\n<meta property=\"og:title\" content=\"Via Ferrata delle Aquile - Free Alp\" \/>\n<meta property=\"og:description\" content=\"Eine aufregende Route mit gro\u00dfartiger Exposition, die die Ostwand der Paganella \u00fcberquert. Dank nat\u00fcrlicher Felsvorspr\u00fcnge und Metalltreppen genie\u00dfen Sie einen einzigartigen Blick auf das Etschtal und die Brentadolomiten bis zum Gardasee.Spannende Momente beim \u00dcberqueren der spektakul\u00e4ren tibetischen Br\u00fccken und beim letzten Aufstieg \u00fcber die Wendeltreppe.Wir bewegen uns in kleinen Gruppen, um Ihnen die h\u00f6chste Qualit\u00e4t und den besten Service zu bieten.Unsere Bergf\u00fchrer sind alle UIAGM-zertifiziert.\" \/>\n<meta property=\"og:url\" content=\"https:\/\/www.freealp.com\/de\/portfolio\/ferrata-delle-aquile\/\" \/>\n<meta property=\"og:site_name\" content=\"Free Alp\" \/>\n<meta property=\"article:modified_time\" content=\"2023-03-05T13:54:59+00:00\" \/>\n<meta property=\"og:image\" content=\"https:\/\/www.freealp.com\/wp-content\/uploads\/2018\/08\/aquile2.jpg\" \/>\n\t<meta property=\"og:image:width\" content=\"2048\" \/>\n\t<meta property=\"og:image:height\" content=\"1536\" \/>\n\t<meta property=\"og:image:type\" content=\"image\/jpeg\" \/>\n<meta name=\"twitter:card\" content=\"summary_large_image\" \/>\n<meta name=\"twitter:label1\" content=\"Gesch\u00e4tzte Lesezeit\" \/>\n\t<meta name=\"twitter:data1\" content=\"2\u00a0Minuten\" \/>\n<script type=\"application\/ld+json\" class=\"yoast-schema-graph\">{\"@context\":\"https:\/\/schema.org\",\"@graph\":[{\"@type\":\"WebPage\",\"@id\":\"https:\/\/www.freealp.com\/de\/portfolio\/ferrata-delle-aquile\/\",\"url\":\"https:\/\/www.freealp.com\/de\/portfolio\/ferrata-delle-aquile\/\",\"name\":\"Via Ferrata delle Aquile - Free Alp\",\"isPartOf\":{\"@id\":\"https:\/\/www.freealp.com\/#website\"},\"primaryImageOfPage\":{\"@id\":\"https:\/\/www.freealp.com\/de\/portfolio\/ferrata-delle-aquile\/#primaryimage\"},\"image\":{\"@id\":\"https:\/\/www.freealp.com\/de\/portfolio\/ferrata-delle-aquile\/#primaryimage\"},\"thumbnailUrl\":\"https:\/\/www.freealp.com\/wp-content\/uploads\/2018\/08\/aquile2.jpg\",\"datePublished\":\"2018-08-01T13:50:26+00:00\",\"dateModified\":\"2023-03-05T13:54:59+00:00\",\"description\":\"Eine aufregende Route mit gro\u00dfartiger Exposition, die die Ostwand der Paganella \u00fcberquert. Dank nat\u00fcrlicher Felsvorspr\u00fcnge und Metalltreppen genie\u00dfen Sie einen einzigartigen Blick auf das Etschtal und die Brentadolomiten bis zum Gardasee.Spannende Momente beim \u00dcberqueren der spektakul\u00e4ren tibetischen Br\u00fccken und beim letzten Aufstieg \u00fcber die Wendeltreppe.Wir bewegen uns in kleinen Gruppen, um Ihnen die h\u00f6chste Qualit\u00e4t und den besten Service zu bieten.Unsere Bergf\u00fchrer sind alle UIAGM-zertifiziert.\",\"breadcrumb\":{\"@id\":\"https:\/\/www.freealp.com\/de\/portfolio\/ferrata-delle-aquile\/#breadcrumb\"},\"inLanguage\":\"de\",\"potentialAction\":[{\"@type\":\"ReadAction\",\"target\":[\"https:\/\/www.freealp.com\/de\/portfolio\/ferrata-delle-aquile\/\"]}]},{\"@type\":\"ImageObject\",\"inLanguage\":\"de\",\"@id\":\"https:\/\/www.freealp.com\/de\/portfolio\/ferrata-delle-aquile\/#primaryimage\",\"url\":\"https:\/\/www.freealp.com\/wp-content\/uploads\/2018\/08\/aquile2.jpg\",\"contentUrl\":\"https:\/\/www.freealp.com\/wp-content\/uploads\/2018\/08\/aquile2.jpg\",\"width\":2048,\"height\":1536},{\"@type\":\"BreadcrumbList\",\"@id\":\"https:\/\/www.freealp.com\/de\/portfolio\/ferrata-delle-aquile\/#breadcrumb\",\"itemListElement\":[{\"@type\":\"ListItem\",\"position\":1,\"name\":\"Home\",\"item\":\"https:\/\/www.freealp.com\/de\/\"},{\"@type\":\"ListItem\",\"position\":2,\"name\":\"Portfolio\",\"item\":\"https:\/\/www.freealp.com\/de\/portfolio\/\"},{\"@type\":\"ListItem\",\"position\":3,\"name\":\"Via Ferrata delle Aquile\"}]},{\"@type\":\"WebSite\",\"@id\":\"https:\/\/www.freealp.com\/#website\",\"url\":\"https:\/\/www.freealp.com\/\",\"name\":\"Free Alp\",\"description\":\"OUTDOOR EMOTION ACTIVITY ARCO GARDA LAKE\",\"potentialAction\":[{\"@type\":\"SearchAction\",\"target\":{\"@type\":\"EntryPoint\",\"urlTemplate\":\"https:\/\/www.freealp.com\/?s={search_term_string}\"},\"query-input\":{\"@type\":\"PropertyValueSpecification\",\"valueRequired\":true,\"valueName\":\"search_term_string\"}}],\"inLanguage\":\"de\"}]}<\/script>\n<!-- \/ Yoast SEO plugin. -->","yoast_head_json":{"title":"Via Ferrata delle Aquile - Free Alp","description":"Eine aufregende Route mit gro\u00dfartiger Exposition, die die Ostwand der Paganella \u00fcberquert. Dank nat\u00fcrlicher Felsvorspr\u00fcnge und Metalltreppen genie\u00dfen Sie einen einzigartigen Blick auf das Etschtal und die Brentadolomiten bis zum Gardasee.Spannende Momente beim \u00dcberqueren der spektakul\u00e4ren tibetischen Br\u00fccken und beim letzten Aufstieg \u00fcber die Wendeltreppe.Wir bewegen uns in kleinen Gruppen, um Ihnen die h\u00f6chste Qualit\u00e4t und den besten Service zu bieten.Unsere Bergf\u00fchrer sind alle UIAGM-zertifiziert.","robots":{"index":"index","follow":"follow","max-snippet":"max-snippet:-1","max-image-preview":"max-image-preview:large","max-video-preview":"max-video-preview:-1"},"canonical":"https:\/\/www.freealp.com\/de\/portfolio\/ferrata-delle-aquile\/","og_locale":"de_DE","og_type":"article","og_title":"Via Ferrata delle Aquile - Free Alp","og_description":"Eine aufregende Route mit gro\u00dfartiger Exposition, die die Ostwand der Paganella \u00fcberquert. Dank nat\u00fcrlicher Felsvorspr\u00fcnge und Metalltreppen genie\u00dfen Sie einen einzigartigen Blick auf das Etschtal und die Brentadolomiten bis zum Gardasee.Spannende Momente beim \u00dcberqueren der spektakul\u00e4ren tibetischen Br\u00fccken und beim letzten Aufstieg \u00fcber die Wendeltreppe.Wir bewegen uns in kleinen Gruppen, um Ihnen die h\u00f6chste Qualit\u00e4t und den besten Service zu bieten.Unsere Bergf\u00fchrer sind alle UIAGM-zertifiziert.","og_url":"https:\/\/www.freealp.com\/de\/portfolio\/ferrata-delle-aquile\/","og_site_name":"Free Alp","article_modified_time":"2023-03-05T13:54:59+00:00","og_image":[{"width":2048,"height":1536,"url":"https:\/\/www.freealp.com\/wp-content\/uploads\/2018\/08\/aquile2.jpg","type":"image\/jpeg"}],"twitter_card":"summary_large_image","twitter_misc":{"Gesch\u00e4tzte Lesezeit":"2\u00a0Minuten"},"schema":{"@context":"https:\/\/schema.org","@graph":[{"@type":"WebPage","@id":"https:\/\/www.freealp.com\/de\/portfolio\/ferrata-delle-aquile\/","url":"https:\/\/www.freealp.com\/de\/portfolio\/ferrata-delle-aquile\/","name":"Via Ferrata delle Aquile - Free Alp","isPartOf":{"@id":"https:\/\/www.freealp.com\/#website"},"primaryImageOfPage":{"@id":"https:\/\/www.freealp.com\/de\/portfolio\/ferrata-delle-aquile\/#primaryimage"},"image":{"@id":"https:\/\/www.freealp.com\/de\/portfolio\/ferrata-delle-aquile\/#primaryimage"},"thumbnailUrl":"https:\/\/www.freealp.com\/wp-content\/uploads\/2018\/08\/aquile2.jpg","datePublished":"2018-08-01T13:50:26+00:00","dateModified":"2023-03-05T13:54:59+00:00","description":"Eine aufregende Route mit gro\u00dfartiger Exposition, die die Ostwand der Paganella \u00fcberquert. Dank nat\u00fcrlicher Felsvorspr\u00fcnge und Metalltreppen genie\u00dfen Sie einen einzigartigen Blick auf das Etschtal und die Brentadolomiten bis zum Gardasee.Spannende Momente beim \u00dcberqueren der spektakul\u00e4ren tibetischen Br\u00fccken und beim letzten Aufstieg \u00fcber die Wendeltreppe.Wir bewegen uns in kleinen Gruppen, um Ihnen die h\u00f6chste Qualit\u00e4t und den besten Service zu bieten.Unsere Bergf\u00fchrer sind alle UIAGM-zertifiziert.","breadcrumb":{"@id":"https:\/\/www.freealp.com\/de\/portfolio\/ferrata-delle-aquile\/#breadcrumb"},"inLanguage":"de","potentialAction":[{"@type":"ReadAction","target":["https:\/\/www.freealp.com\/de\/portfolio\/ferrata-delle-aquile\/"]}]},{"@type":"ImageObject","inLanguage":"de","@id":"https:\/\/www.freealp.com\/de\/portfolio\/ferrata-delle-aquile\/#primaryimage","url":"https:\/\/www.freealp.com\/wp-content\/uploads\/2018\/08\/aquile2.jpg","contentUrl":"https:\/\/www.freealp.com\/wp-content\/uploads\/2018\/08\/aquile2.jpg","width":2048,"height":1536},{"@type":"BreadcrumbList","@id":"https:\/\/www.freealp.com\/de\/portfolio\/ferrata-delle-aquile\/#breadcrumb","itemListElement":[{"@type":"ListItem","position":1,"name":"Home","item":"https:\/\/www.freealp.com\/de\/"},{"@type":"ListItem","position":2,"name":"Portfolio","item":"https:\/\/www.freealp.com\/de\/portfolio\/"},{"@type":"ListItem","position":3,"name":"Via Ferrata delle Aquile"}]},{"@type":"WebSite","@id":"https:\/\/www.freealp.com\/#website","url":"https:\/\/www.freealp.com\/","name":"Free Alp","description":"OUTDOOR EMOTION ACTIVITY ARCO GARDA LAKE","potentialAction":[{"@type":"SearchAction","target":{"@type":"EntryPoint","urlTemplate":"https:\/\/www.freealp.com\/?s={search_term_string}"},"query-input":{"@type":"PropertyValueSpecification","valueRequired":true,"valueName":"search_term_string"}}],"inLanguage":"de"}]}},"_links":{"self":[{"href":"https:\/\/www.freealp.com\/de\/wp-json\/wp\/v2\/portfolio\/8119","targetHints":{"allow":["GET"]}}],"collection":[{"href":"https:\/\/www.freealp.com\/de\/wp-json\/wp\/v2\/portfolio"}],"about":[{"href":"https:\/\/www.freealp.com\/de\/wp-json\/wp\/v2\/types\/portfolio"}],"author":[{"embeddable":true,"href":"https:\/\/www.freealp.com\/de\/wp-json\/wp\/v2\/users\/1"}],"replies":[{"embeddable":true,"href":"https:\/\/www.freealp.com\/de\/wp-json\/wp\/v2\/comments?post=8119"}],"version-history":[{"count":2,"href":"https:\/\/www.freealp.com\/de\/wp-json\/wp\/v2\/portfolio\/8119\/revisions"}],"predecessor-version":[{"id":10911,"href":"https:\/\/www.freealp.com\/de\/wp-json\/wp\/v2\/portfolio\/8119\/revisions\/10911"}],"wp:featuredmedia":[{"embeddable":true,"href":"https:\/\/www.freealp.com\/de\/wp-json\/wp\/v2\/media\/8121"}],"wp:attachment":[{"href":"https:\/\/www.freealp.com\/de\/wp-json\/wp\/v2\/media?parent=8119"}],"wp:term":[{"taxonomy":"portfolio_category","embeddable":true,"href":"https:\/\/www.freealp.com\/de\/wp-json\/wp\/v2\/portfolio_category?post=8119"},{"taxonomy":"portfolio_tag","embeddable":true,"href":"https:\/\/www.freealp.com\/de\/wp-json\/wp\/v2\/portfolio_tag?post=8119"}],"curies":[{"name":"wp","href":"https:\/\/api.w.org\/{rel}","templated":true}]}}